{"id":19969,"date":"2025-11-19T11:54:04","date_gmt":"2025-11-19T11:54:04","guid":{"rendered":"https:\/\/www.le34.dk\/?page_id=19969"},"modified":"2025-11-24T19:33:38","modified_gmt":"2025-11-24T19:33:38","slug":"vejforum-er-paa-trapperne-og-vi-glaeder-os","status":"publish","type":"page","link":"https:\/\/www.le34.dk\/da\/vejforum-er-paa-trapperne-og-vi-glaeder-os\/","title":{"rendered":"Vejforum er p\u00e5 trapperne, og vi gl\u00e6der os!"},"content":{"rendered":"<p>26.11.2025<br \/>\nVores specialister deltager igen i \u00e5r til \u00e5rets Vejforum. Vi har en stand i udstillingen, hvor vi h\u00e5ber at se dig. Derudover har vi ogs\u00e5 fire sp\u00e6ndende indl\u00e6g i programmet, som du kan l\u00e6se mere om her. <\/p>\n<p>Harmonisering af vejes status (onsdag den 03. december kl. 11:30, Sal B)<br \/>\nDer kan v\u00e6re mange \u00e5rsager til, at veje, der i \u00f8vrigt ligner hinanden, har forskellig status.<br \/>\nEt stigende fokus fra grundejernes side kan betyde, at der skal bruges mange kr\u00e6fter p\u00e5 at forklare noget, der ikke umiddelbart forekommer logisk. Dette \u2013 og andre tanker \u2013 kan f\u00f8re til overvejelser om at harmonisere vejenes status, s\u00e5 sammenlignelige veje f\u00e5r samme status.<br \/>\nI indl\u00e6gget bliver du blandt andet klogere p\u00e5 selve processen, og hvilke grundige overvejelser der b\u00f8r tages, inden et projekt om harmonisering af vejes status s\u00e6ttes i gang.<br \/>\nIndl\u00e6gsholdere: Ren\u00e9 Aggersbjerg (LE34) og Helle Daugaard Juul (Aarhus Kommune)<\/p>\n<p>ITS standarden er over os &#8211; s\u00e5dan kommer du i m\u00e5l (onsdag den 03. december kl. 15:00, Salon 26+27)<br \/>\nITS-direktivet stiller fra 2025 krav om deling af vej- og trafikinformation i standardiserede formater. Indl\u00e6gget viser, hvordan vejmyndigheder kan opfylde kravene via en handlingsplan med fokus p\u00e5 data, systemkrav og konkrete eksempler fra retsakterne A, B, C og E.<br \/>\nITS-standarden f\u00e5r afg\u00f8rende betydning for, hvordan vejmyndigheder h\u00e5ndterer og deler vej- og trafikinformation i fremtiden. Med udgangspunkt i retsakterne A, B, C og E stilles der konkrete krav til, hvilke data der skal udstilles, i hvilket format og via hvilke systemer. Indl\u00e6gget giver et overblik over kravene i de fire centrale retsakter \u2013 herunder krav om udstilling af statiske data som hastighedsgr\u00e6nser og adgangsforhold (B), dynamiske data som h\u00e6ndelser og vejarbejde (C), og information om sikre lastbilparkeringer (E).<br \/>\nMed udgangspunkt i dansk kontekst pr\u00e6senteres en trinvis plan for, hvordan vejmyndigheder kan gribe opgaven an:<br \/>\n1.\tIdentificering af relevante retsakter<br \/>\n2.\tKortl\u00e6gning og strukturering af eksisterende data<br \/>\n3.\tSystemanalyse med fokus p\u00e5 API, metadata og DATEX II-underst\u00f8ttelse<br \/>\n4.\tIntegration og test<br \/>\n5.\tDrift, vedligehold og dokumentation<br \/>\nIndl\u00e6gget giver konkrete eksempler, systemkrav og en operationel handlingsplan, s\u00e5 myndighederne kan komme i m\u00e5l med kravene.<br \/>\nIndl\u00e6gsholder: Claus Bloch Houmann (LE34)<\/p>\n<p>Private f\u00e6llesveje \u2013 Principielle og aktuelle afg\u00f8relser (onsdag den 03. december kl. 15:00, Auditoriet)<br \/>\nTraditionen tro, s\u00e5 gennemg\u00e5r vores specialist, Ren\u00e9 Aggersbjerg, principielle og aktuelle afg\u00f8relser inden for vejlovgivningen. Derudover omtales den begr\u00e6nsning af klageadgangen, n\u00e5r der tr\u00e6ffes afg\u00f8relser efter privatvejsloven (og vejloven), som blev vedtaget af Folketinget f\u00f8r sommerferien.<br \/>\nIndl\u00e6gsholder: Ren\u00e9 Aggersbjerg (LE34)<\/p>\n<p>N\u00e5r havet spiser en offentlig vej (torsdag den 04. december kl. 12:00, Sal D+E)<br \/>\nHavet har altid taget og givet og p\u00e5 den m\u00e5de \u00e6ndret Danmarks kystlinje, men hvad kan og skal en vejmyndighed g\u00f8re, n\u00e5r havet \u201dspiser\u201d en kystn\u00e6r offentlig vej?<br \/>\nDet rejser en r\u00e6kke sp\u00f8rgsm\u00e5l, som vil blive belyst i indl\u00e6gget: Kan der skaffes vejadgang ved udl\u00e6g af nye private f\u00e6llesveje eller tildeling af vejret til eksisterende? Kan n\u00f8dvendige vejrettigheder tildeles ved ekspropriation i fald frivillige aftaler ikke er mulige?<br \/>\nIndl\u00e6gsholdere: Vibeke St\u00e6rdahl Nielsen (LE34) og Ren\u00e9 Aggersbjerg (LE34)<\/p>\n<p>Se alle nyheder fra Vejjura<\/p>\n<p>Kontakt eksperterne<\/p>\n<p>Kenneth Holme Poulsen<br \/>\nVibeke St\u00e6rdahl Nielsen<br \/>\nGert M. Henningsen<br \/>\nJonathan Overgaard Markman<br \/>\nRen\u00e9 Aggersbjerg<br \/>\nS\u00f8ren Henriksen<br \/>\nThomas Normann Asmussen<br \/>\nErik Jeppesen<br \/>\nMartin Korgaard<br \/>\nDaniel Lundeman Lind<\/p>\n","protected":false},"excerpt":{"rendered":"<p>26.11.2025 Vores specialister deltager igen i \u00e5r til \u00e5rets Vejforum. Vi har en stand i udstillingen, hvor vi h\u00e5ber at se dig. Derudover har vi ogs\u00e5 fire sp\u00e6ndende indl\u00e6g i programmet, som du kan l\u00e6se mere om her. Harmonisering af vejes status (onsdag den 03. december kl. 11:30, Sal B) Der kan v\u00e6re mange \u00e5rsager [&hellip;]<\/p>\n","protected":false},"author":11,"featured_media":0,"parent":0,"menu_order":0,"comment_status":"closed","ping_status":"closed","template":"","meta":{"_acf_changed":false,"footnotes":""},"class_list":["post-19969","page","type-page","status-publish","hentry"],"acf":[],"yoast_head":"<!-- This site is optimized with the Yoast SEO plugin v27.5 - https:\/\/yoast.com\/product\/yoast-seo-wordpress\/ -->\n<title>Vejforum er p\u00e5 trapperne, og vi gl\u00e6der os!<\/title>\n<meta name=\"description\" content=\"Der er ikke kun pebern\u00f8dder og nissedrillerier at se frem til i december, men ogs\u00e5 \u00e5rets Vejforum, hvor vi h\u00e5ber at se dig.\" \/>\n<meta name=\"robots\" content=\"index, follow, max-snippet:-1, max-image-preview:large, max-video-preview:-1\" \/>\n<link rel=\"canonical\" href=\"https:\/\/www.le34.dk\/da\/vejforum-er-paa-trapperne-og-vi-glaeder-os\/\" \/>\n<meta property=\"og:locale\" content=\"da_DK\" \/>\n<meta property=\"og:type\" content=\"article\" \/>\n<meta property=\"og:title\" content=\"Vejforum er p\u00e5 trapperne, og vi gl\u00e6der os!\" \/>\n<meta property=\"og:description\" content=\"26.11.2025 Vores specialister deltager igen i \u00e5r til \u00e5rets Vejforum. Vi har en stand i udstillingen, hvor vi h\u00e5ber at se dig. Derudover har vi ogs\u00e5 fire sp\u00e6ndende indl\u00e6g i programmet, som du kan l\u00e6se mere om her. Harmonisering af vejes status (onsdag den 03. december kl. 11:30, Sal B) Der kan v\u00e6re mange \u00e5rsager [&hellip;]\" \/>\n<meta property=\"og:url\" content=\"https:\/\/www.le34.dk\/da\/vejforum-er-paa-trapperne-og-vi-glaeder-os\/\" \/>\n<meta property=\"og:site_name\" content=\"LE34\" \/>\n<meta property=\"article:modified_time\" content=\"2025-11-24T19:33:38+00:00\" \/>\n<meta name=\"twitter:card\" content=\"summary_large_image\" \/>\n<meta name=\"twitter:label1\" content=\"Estimeret l\u00e6setid\" \/>\n\t<meta name=\"twitter:data1\" content=\"7 minutter\" \/>\n<script type=\"application\/ld+json\" class=\"yoast-schema-graph\">{\"@context\":\"https:\\\/\\\/schema.org\",\"@graph\":[{\"@type\":\"WebPage\",\"@id\":\"https:\\\/\\\/www.le34.dk\\\/da\\\/vejforum-er-paa-trapperne-og-vi-glaeder-os\\\/\",\"url\":\"https:\\\/\\\/www.le34.dk\\\/da\\\/vejforum-er-paa-trapperne-og-vi-glaeder-os\\\/\",\"name\":\"Vejforum er p\u00e5 trapperne, og vi gl\u00e6der os!\",\"isPartOf\":{\"@id\":\"https:\\\/\\\/www.le34.dk\\\/da\\\/#website\"},\"datePublished\":\"2025-11-19T11:54:04+00:00\",\"dateModified\":\"2025-11-24T19:33:38+00:00\",\"breadcrumb\":{\"@id\":\"https:\\\/\\\/www.le34.dk\\\/da\\\/vejforum-er-paa-trapperne-og-vi-glaeder-os\\\/#breadcrumb\"},\"inLanguage\":\"da-DK\",\"potentialAction\":[{\"@type\":\"ReadAction\",\"target\":[\"https:\\\/\\\/www.le34.dk\\\/da\\\/vejforum-er-paa-trapperne-og-vi-glaeder-os\\\/\"]}]},{\"@type\":\"BreadcrumbList\",\"@id\":\"https:\\\/\\\/www.le34.dk\\\/da\\\/vejforum-er-paa-trapperne-og-vi-glaeder-os\\\/#breadcrumb\",\"itemListElement\":[{\"@type\":\"ListItem\",\"position\":1,\"name\":\"Home\",\"item\":\"https:\\\/\\\/www.le34.dk\\\/da\\\/\"},{\"@type\":\"ListItem\",\"position\":2,\"name\":\"Vejforum er p\u00e5 trapperne, og vi gl\u00e6der os!\"}]},{\"@type\":\"WebSite\",\"@id\":\"https:\\\/\\\/www.le34.dk\\\/da\\\/#website\",\"url\":\"https:\\\/\\\/www.le34.dk\\\/da\\\/\",\"name\":\"LE34\",\"description\":\"\",\"potentialAction\":[{\"@type\":\"SearchAction\",\"target\":{\"@type\":\"EntryPoint\",\"urlTemplate\":\"https:\\\/\\\/www.le34.dk\\\/da\\\/?s={search_term_string}\"},\"query-input\":{\"@type\":\"PropertyValueSpecification\",\"valueRequired\":true,\"valueName\":\"search_term_string\"}}],\"inLanguage\":\"da-DK\"}]}<\/script>\n<!-- \/ Yoast SEO plugin. -->","yoast_head_json":{"title":"Vejforum er p\u00e5 trapperne, og vi gl\u00e6der os!","description":"Der er ikke kun pebern\u00f8dder og nissedrillerier at se frem til i december, men ogs\u00e5 \u00e5rets Vejforum, hvor vi h\u00e5ber at se dig.","robots":{"index":"index","follow":"follow","max-snippet":"max-snippet:-1","max-image-preview":"max-image-preview:large","max-video-preview":"max-video-preview:-1"},"canonical":"https:\/\/www.le34.dk\/da\/vejforum-er-paa-trapperne-og-vi-glaeder-os\/","og_locale":"da_DK","og_type":"article","og_title":"Vejforum er p\u00e5 trapperne, og vi gl\u00e6der os!","og_description":"26.11.2025 Vores specialister deltager igen i \u00e5r til \u00e5rets Vejforum. Vi har en stand i udstillingen, hvor vi h\u00e5ber at se dig. Derudover har vi ogs\u00e5 fire sp\u00e6ndende indl\u00e6g i programmet, som du kan l\u00e6se mere om her. Harmonisering af vejes status (onsdag den 03. december kl. 11:30, Sal B) Der kan v\u00e6re mange \u00e5rsager [&hellip;]","og_url":"https:\/\/www.le34.dk\/da\/vejforum-er-paa-trapperne-og-vi-glaeder-os\/","og_site_name":"LE34","article_modified_time":"2025-11-24T19:33:38+00:00","twitter_card":"summary_large_image","twitter_misc":{"Estimeret l\u00e6setid":"7 minutter"},"schema":{"@context":"https:\/\/schema.org","@graph":[{"@type":"WebPage","@id":"https:\/\/www.le34.dk\/da\/vejforum-er-paa-trapperne-og-vi-glaeder-os\/","url":"https:\/\/www.le34.dk\/da\/vejforum-er-paa-trapperne-og-vi-glaeder-os\/","name":"Vejforum er p\u00e5 trapperne, og vi gl\u00e6der os!","isPartOf":{"@id":"https:\/\/www.le34.dk\/da\/#website"},"datePublished":"2025-11-19T11:54:04+00:00","dateModified":"2025-11-24T19:33:38+00:00","breadcrumb":{"@id":"https:\/\/www.le34.dk\/da\/vejforum-er-paa-trapperne-og-vi-glaeder-os\/#breadcrumb"},"inLanguage":"da-DK","potentialAction":[{"@type":"ReadAction","target":["https:\/\/www.le34.dk\/da\/vejforum-er-paa-trapperne-og-vi-glaeder-os\/"]}]},{"@type":"BreadcrumbList","@id":"https:\/\/www.le34.dk\/da\/vejforum-er-paa-trapperne-og-vi-glaeder-os\/#breadcrumb","itemListElement":[{"@type":"ListItem","position":1,"name":"Home","item":"https:\/\/www.le34.dk\/da\/"},{"@type":"ListItem","position":2,"name":"Vejforum er p\u00e5 trapperne, og vi gl\u00e6der os!"}]},{"@type":"WebSite","@id":"https:\/\/www.le34.dk\/da\/#website","url":"https:\/\/www.le34.dk\/da\/","name":"LE34","description":"","potentialAction":[{"@type":"SearchAction","target":{"@type":"EntryPoint","urlTemplate":"https:\/\/www.le34.dk\/da\/?s={search_term_string}"},"query-input":{"@type":"PropertyValueSpecification","valueRequired":true,"valueName":"search_term_string"}}],"inLanguage":"da-DK"}]}},"_links":{"self":[{"href":"https:\/\/www.le34.dk\/da\/wp-json\/wp\/v2\/pages\/19969","targetHints":{"allow":["GET"]}}],"collection":[{"href":"https:\/\/www.le34.dk\/da\/wp-json\/wp\/v2\/pages"}],"about":[{"href":"https:\/\/www.le34.dk\/da\/wp-json\/wp\/v2\/types\/page"}],"author":[{"embeddable":true,"href":"https:\/\/www.le34.dk\/da\/wp-json\/wp\/v2\/users\/11"}],"replies":[{"embeddable":true,"href":"https:\/\/www.le34.dk\/da\/wp-json\/wp\/v2\/comments?post=19969"}],"version-history":[{"count":10,"href":"https:\/\/www.le34.dk\/da\/wp-json\/wp\/v2\/pages\/19969\/revisions"}],"predecessor-version":[{"id":20104,"href":"https:\/\/www.le34.dk\/da\/wp-json\/wp\/v2\/pages\/19969\/revisions\/20104"}],"wp:attachment":[{"href":"https:\/\/www.le34.dk\/da\/wp-json\/wp\/v2\/media?parent=19969"}],"curies":[{"name":"wp","href":"https:\/\/api.w.org\/{rel}","templated":true}]}}