{"id":1871,"date":"2021-11-25T09:30:20","date_gmt":"2021-11-25T09:30:20","guid":{"rendered":"https:\/\/www.le34.dk\/vi-ses-til-vejforum-2021\/"},"modified":"2024-11-14T08:52:21","modified_gmt":"2024-11-14T08:52:21","slug":"vi-ses-til-vejforum-2021","status":"publish","type":"page","link":"https:\/\/www.le34.dk\/da\/vi-ses-til-vejforum-2021\/","title":{"rendered":"Vi ses til Vejforum 2021"},"content":{"rendered":"<p>01.12.2021<br \/>\nSom s\u00e6dvanlig deltager LE34\u2019s specialister fra Ekspropriation &#038; Jura i det forest\u00e5ende Vejforum. Lige som tidligere \u00e5r har vi en stand i udstillingen, hvor vi h\u00e5ber at se dig til en uformel snak. I \u00e5r holder vi igen intet mindre end fem indl\u00e6g om forskellige sp\u00e6ndende og aktuelle emner inden for vejsektoren.<\/p>\n<p>LAR-anl\u00e6g p\u00e5 vejareal og g\u00e6steprincippet ved        Vibeke St\u00e6rdahl Nielsen<br \/>\nIndl\u00e6gget tager sit afs\u00e6t i den principielle afg\u00f8relse fra 2019 fra Transport- og Boligministeriet, hvor det blev sl\u00e5et fast, at det konkrete LAR-anl\u00e6g p\u00e5 offentlig vej var inden for rammerne af de form\u00e5l, som en vejmyndighed kan varetage. Dermed var ledningsoml\u00e6gningerne omfattet af vejlovens g\u00e6steprincip og udgifterne til oml\u00e6gningerne skulle afholdes af ledningsejerne. Der ses p\u00e5 betydningen af denne principielle afg\u00f8relse i forhold til nyeste praksis p\u00e5 omr\u00e5det.<\/p>\n<p>Private f\u00e6llesveje: Principielle og aktuelle afg\u00f8relser ved Ren\u00e9 Aggersbjerg<br \/>\nIndl\u00e6gget forventes is\u00e6r at fokusere p\u00e5 afg\u00f8relser om, hvorn\u00e5r kommunen kan administrere en vej som privat f\u00e6llesvej. Det g\u00e6lder ogs\u00e5 sp\u00f8rgsm\u00e5let om vejens bredde og beliggenhed. Disse sp\u00f8rgsm\u00e5l er is\u00e6r interessante i forhold til afgr\u00e6nsningen af, hvad der er privatretlige sp\u00f8rgsm\u00e5l, som kommunen ikke kan tage stilling til.<\/p>\n<p>Vedligeholdelse af s\u00e6rlige elementer p\u00e5 private f\u00e6llesveje: Hvem skal betale? ved Ren\u00e9 Aggersbjerg<br \/>\nI privatvejsloven er der en bestemmelse, som sikrer, at vedligeholdelse af s\u00e5kaldte s\u00e6rlige elementer p\u00e5 private f\u00e6llesveje (f.eks. vejbr\u00f8nde, bump og broer) kan kr\u00e6ves udf\u00f8rt som samlede arbejder i stedet for som enkeltst\u00e5ende arbejder. P\u00e5 den m\u00e5de sikres det, at enkelte grundejere ikke sidder tilbage med store regninger for vedligeholdelse af dyre dele af vejen, som ogs\u00e5 er til gavn for flere andre grundejere. Indl\u00e6gget vil fokusere p\u00e5 nogle sager, hvor denne regel enten er bragt i spil eller kan bringes i spil.<\/p>\n<p>Flere elbiler p\u00e5 vejene: Hvordan skaber vi ladeinfrastrukturen? ved L\u00e6rke Flader og S\u00f8ren Henriksen<br \/>\nVi dykker blandt andet ned i vigtige pointer i de mange rapporter omkring udrulning af ladeinfrastruktur, som er udgivet den seneste tid. Vi s\u00e6tter i indl\u00e6gget fokus p\u00e5 nogle af de udfordringer, som kommunerne st\u00e5r overfor i de kommende \u00e5r i forhold til etablering af ladeinfrastruktur. Vi kigger ogs\u00e5 p\u00e5 de muligheder og begr\u00e6nsninger, der ligger i lovgivningen \u2013 hvad m\u00e5 kommunerne stille til r\u00e5dighed for kommercielle interesser ifm. omstilling til en gr\u00f8n bilpark?<\/p>\n<p>Punktskyer til ledningsnet ved Torbj\u00f8rn Mandahl Pedersen, Lasse Hedegaard, PHD-studerende ved AAU, Novafos og Aarhus Vand.<br \/>\nSe frem til et sp\u00e6ndende opl\u00e6g om SmartSurvey\u2122 \u2013 en lille teknologisk revolution, hvor simpel video fra en mobiltelefon bliver omsat til en kompleks 3D-punktsky, der sikrer det digitale overblik. Appen er udviklet i samarbejde med nogle af landets f\u00f8rende forsynings- og entrepren\u00f8rselskaber og testet af brugerne.<\/p>\n<p>Se alle nyheder fra Vejjura<\/p>\n<p>Kontakt eksperterne<\/p>\n<p>Gert M. Henningsen<br \/>\nJonathan Overgaard Markman<br \/>\nKenneth Holme Poulsen<br \/>\nRen\u00e9 Aggersbjerg<br \/>\nS\u00f8ren Henriksen<br \/>\nThomas Normann Asmussen<br \/>\nVibeke St\u00e6rdahl Nielsen<\/p>\n","protected":false},"excerpt":{"rendered":"<p>01.12.2021 Som s\u00e6dvanlig deltager LE34\u2019s specialister fra Ekspropriation &#038; Jura i det forest\u00e5ende Vejforum. Lige som tidligere \u00e5r har vi en stand i udstillingen, hvor vi h\u00e5ber at se dig til en uformel snak. I \u00e5r holder vi igen intet mindre end fem indl\u00e6g om forskellige sp\u00e6ndende og aktuelle emner inden for vejsektoren. LAR-anl\u00e6g p\u00e5 [&hellip;]<\/p>\n","protected":false},"author":36,"featured_media":0,"parent":0,"menu_order":0,"comment_status":"closed","ping_status":"closed","template":"","meta":{"_acf_changed":false,"footnotes":""},"class_list":["post-1871","page","type-page","status-publish","hentry"],"acf":[],"yoast_head":"<!-- This site is optimized with the Yoast SEO plugin v27.5 - https:\/\/yoast.com\/product\/yoast-seo-wordpress\/ -->\n<title>Vi ses til Vejforum 2021 - L\u00e6s mere om dagen og udstillingen her<\/title>\n<meta name=\"description\" content=\"LE34 er st\u00e6rkt repr\u00e6senteret i programmet med b\u00e5de stand og fem indl\u00e6g om forskellige sp\u00e6ndende og aktuelle emner inden for vejsektoren.\" \/>\n<meta name=\"robots\" content=\"index, follow, max-snippet:-1, max-image-preview:large, max-video-preview:-1\" \/>\n<link rel=\"canonical\" href=\"https:\/\/www.le34.dk\/da\/vi-ses-til-vejforum-2021\/\" \/>\n<meta property=\"og:locale\" content=\"da_DK\" \/>\n<meta property=\"og:type\" content=\"article\" \/>\n<meta property=\"og:title\" content=\"Vi ses til Vejforum 2021 - L\u00e6s mere om dagen og udstillingen her\" \/>\n<meta property=\"og:description\" content=\"LE34 er st\u00e6rkt repr\u00e6senteret i programmet med b\u00e5de stand og fem indl\u00e6g om forskellige sp\u00e6ndende og aktuelle emner inden for vejsektoren.\" \/>\n<meta property=\"og:url\" content=\"https:\/\/www.le34.dk\/da\/vi-ses-til-vejforum-2021\/\" \/>\n<meta property=\"og:site_name\" content=\"LE34\" \/>\n<meta property=\"article:modified_time\" content=\"2024-11-14T08:52:21+00:00\" \/>\n<meta name=\"twitter:card\" content=\"summary_large_image\" \/>\n<meta name=\"twitter:label1\" content=\"Estimeret l\u00e6setid\" \/>\n\t<meta name=\"twitter:data1\" content=\"6 minutter\" \/>\n<script type=\"application\/ld+json\" class=\"yoast-schema-graph\">{\"@context\":\"https:\\\/\\\/schema.org\",\"@graph\":[{\"@type\":\"WebPage\",\"@id\":\"https:\\\/\\\/www.le34.dk\\\/da\\\/vi-ses-til-vejforum-2021\\\/\",\"url\":\"https:\\\/\\\/www.le34.dk\\\/da\\\/vi-ses-til-vejforum-2021\\\/\",\"name\":\"Vi ses til Vejforum 2021 - L\u00e6s mere om dagen og udstillingen her\",\"isPartOf\":{\"@id\":\"https:\\\/\\\/www.le34.dk\\\/da\\\/#website\"},\"datePublished\":\"2021-11-25T09:30:20+00:00\",\"dateModified\":\"2024-11-14T08:52:21+00:00\",\"description\":\"LE34 er st\u00e6rkt repr\u00e6senteret i programmet med b\u00e5de stand og fem indl\u00e6g om forskellige sp\u00e6ndende og aktuelle emner inden for vejsektoren.\",\"breadcrumb\":{\"@id\":\"https:\\\/\\\/www.le34.dk\\\/da\\\/vi-ses-til-vejforum-2021\\\/#breadcrumb\"},\"inLanguage\":\"da-DK\",\"potentialAction\":[{\"@type\":\"ReadAction\",\"target\":[\"https:\\\/\\\/www.le34.dk\\\/da\\\/vi-ses-til-vejforum-2021\\\/\"]}]},{\"@type\":\"BreadcrumbList\",\"@id\":\"https:\\\/\\\/www.le34.dk\\\/da\\\/vi-ses-til-vejforum-2021\\\/#breadcrumb\",\"itemListElement\":[{\"@type\":\"ListItem\",\"position\":1,\"name\":\"Home\",\"item\":\"https:\\\/\\\/www.le34.dk\\\/da\\\/\"},{\"@type\":\"ListItem\",\"position\":2,\"name\":\"Vi ses til Vejforum 2021\"}]},{\"@type\":\"WebSite\",\"@id\":\"https:\\\/\\\/www.le34.dk\\\/da\\\/#website\",\"url\":\"https:\\\/\\\/www.le34.dk\\\/da\\\/\",\"name\":\"LE34\",\"description\":\"\",\"potentialAction\":[{\"@type\":\"SearchAction\",\"target\":{\"@type\":\"EntryPoint\",\"urlTemplate\":\"https:\\\/\\\/www.le34.dk\\\/da\\\/?s={search_term_string}\"},\"query-input\":{\"@type\":\"PropertyValueSpecification\",\"valueRequired\":true,\"valueName\":\"search_term_string\"}}],\"inLanguage\":\"da-DK\"}]}<\/script>\n<!-- \/ Yoast SEO plugin. -->","yoast_head_json":{"title":"Vi ses til Vejforum 2021 - L\u00e6s mere om dagen og udstillingen her","description":"LE34 er st\u00e6rkt repr\u00e6senteret i programmet med b\u00e5de stand og fem indl\u00e6g om forskellige sp\u00e6ndende og aktuelle emner inden for vejsektoren.","robots":{"index":"index","follow":"follow","max-snippet":"max-snippet:-1","max-image-preview":"max-image-preview:large","max-video-preview":"max-video-preview:-1"},"canonical":"https:\/\/www.le34.dk\/da\/vi-ses-til-vejforum-2021\/","og_locale":"da_DK","og_type":"article","og_title":"Vi ses til Vejforum 2021 - L\u00e6s mere om dagen og udstillingen her","og_description":"LE34 er st\u00e6rkt repr\u00e6senteret i programmet med b\u00e5de stand og fem indl\u00e6g om forskellige sp\u00e6ndende og aktuelle emner inden for vejsektoren.","og_url":"https:\/\/www.le34.dk\/da\/vi-ses-til-vejforum-2021\/","og_site_name":"LE34","article_modified_time":"2024-11-14T08:52:21+00:00","twitter_card":"summary_large_image","twitter_misc":{"Estimeret l\u00e6setid":"6 minutter"},"schema":{"@context":"https:\/\/schema.org","@graph":[{"@type":"WebPage","@id":"https:\/\/www.le34.dk\/da\/vi-ses-til-vejforum-2021\/","url":"https:\/\/www.le34.dk\/da\/vi-ses-til-vejforum-2021\/","name":"Vi ses til Vejforum 2021 - L\u00e6s mere om dagen og udstillingen her","isPartOf":{"@id":"https:\/\/www.le34.dk\/da\/#website"},"datePublished":"2021-11-25T09:30:20+00:00","dateModified":"2024-11-14T08:52:21+00:00","description":"LE34 er st\u00e6rkt repr\u00e6senteret i programmet med b\u00e5de stand og fem indl\u00e6g om forskellige sp\u00e6ndende og aktuelle emner inden for vejsektoren.","breadcrumb":{"@id":"https:\/\/www.le34.dk\/da\/vi-ses-til-vejforum-2021\/#breadcrumb"},"inLanguage":"da-DK","potentialAction":[{"@type":"ReadAction","target":["https:\/\/www.le34.dk\/da\/vi-ses-til-vejforum-2021\/"]}]},{"@type":"BreadcrumbList","@id":"https:\/\/www.le34.dk\/da\/vi-ses-til-vejforum-2021\/#breadcrumb","itemListElement":[{"@type":"ListItem","position":1,"name":"Home","item":"https:\/\/www.le34.dk\/da\/"},{"@type":"ListItem","position":2,"name":"Vi ses til Vejforum 2021"}]},{"@type":"WebSite","@id":"https:\/\/www.le34.dk\/da\/#website","url":"https:\/\/www.le34.dk\/da\/","name":"LE34","description":"","potentialAction":[{"@type":"SearchAction","target":{"@type":"EntryPoint","urlTemplate":"https:\/\/www.le34.dk\/da\/?s={search_term_string}"},"query-input":{"@type":"PropertyValueSpecification","valueRequired":true,"valueName":"search_term_string"}}],"inLanguage":"da-DK"}]}},"_links":{"self":[{"href":"https:\/\/www.le34.dk\/da\/wp-json\/wp\/v2\/pages\/1871","targetHints":{"allow":["GET"]}}],"collection":[{"href":"https:\/\/www.le34.dk\/da\/wp-json\/wp\/v2\/pages"}],"about":[{"href":"https:\/\/www.le34.dk\/da\/wp-json\/wp\/v2\/types\/page"}],"author":[{"embeddable":true,"href":"https:\/\/www.le34.dk\/da\/wp-json\/wp\/v2\/users\/36"}],"replies":[{"embeddable":true,"href":"https:\/\/www.le34.dk\/da\/wp-json\/wp\/v2\/comments?post=1871"}],"version-history":[{"count":2,"href":"https:\/\/www.le34.dk\/da\/wp-json\/wp\/v2\/pages\/1871\/revisions"}],"predecessor-version":[{"id":16584,"href":"https:\/\/www.le34.dk\/da\/wp-json\/wp\/v2\/pages\/1871\/revisions\/16584"}],"wp:attachment":[{"href":"https:\/\/www.le34.dk\/da\/wp-json\/wp\/v2\/media?parent=1871"}],"curies":[{"name":"wp","href":"https:\/\/api.w.org\/{rel}","templated":true}]}}