{"id":1740,"date":"2022-11-21T10:44:18","date_gmt":"2022-11-21T10:44:18","guid":{"rendered":"https:\/\/www.le34.dk\/ses-vi-til-vejforum\/"},"modified":"2024-11-14T08:32:10","modified_gmt":"2024-11-14T08:32:10","slug":"ses-vi-til-vejforum","status":"publish","type":"page","link":"https:\/\/www.le34.dk\/da\/ses-vi-til-vejforum\/","title":{"rendered":"Ses vi til Vejforum?"},"content":{"rendered":"<p>30.11.2022<br \/>\nSom s\u00e6dvanlig deltager LE34\u2019s specialister fra Ekspropriation &#038; Jura i \u00e5rets Vejforum. Ligesom tidligere \u00e5r har vi en stand i udstillingen, hvor vi h\u00e5ber at se dig til en uformel snak. Vi h\u00e5ber ogs\u00e5 p\u00e5 at se dig til de aktuelle og sp\u00e6ndende indl\u00e6g, som vi i LE34 igen i \u00e5r har f\u00e5et forn\u00f8jelsen af at holde.<\/p>\n<p>Private f\u00e6llesveje \u2013 Lov\u00e6ndringer og aktuelle afg\u00f8relser (Session D7 &#8211; Sal A+B)<br \/>\nDen ene del af indl\u00e6gget vil handle om den lov\u00e6ndring, der har gjort det muligt at indg\u00e5 aftaler om f.eks. snerydning, hvilket har v\u00e6ret meget efterspurgt, siden Ankestyrelsen i 2017 n\u00e5ede frem til, at s\u00e5danne aftaler var ulovlige.<br \/>\nDen resterende del af indl\u00e6gget omhandler aktuelle og principielle afg\u00f8relser, der har betydning for administrationen af private f\u00e6llesveje.<br \/>\nIndl\u00e6gsholder: Ren\u00e9 Aggersbjerg<\/p>\n<p>Private f\u00e6llesveje \u2013 afm\u00e6rkning p\u00e5 private f\u00e6rdselsarealer (Session D7 &#8211; Sal A+B)<br \/>\nAfm\u00e6rkning p\u00e5 og indretning af private f\u00e6rdselsarealer, ikke mindst parkeringspladser ved dagligvareforretninger eller st\u00f8rre butikscentre, er et emne, der er genstand for mange sp\u00f8rgsm\u00e5l og \u00f8nsker om viden i forhold til myndighedernes muligheder for at p\u00e5virke indretningen.<br \/>\nMed baggrund i en ny udtalelse fra Vejdirektoratet om anvendelsen af f\u00e6rdselslovens \u00a7 97 og anden praksis p\u00e5 omr\u00e5det vil indl\u00e6gget handle om de muligheder, kommuner og politiet har for at p\u00e5virke eller stille krav til indretningen af private f\u00e6rdselsarealer til gavn for trafiksikkerhed og \u2013afvikling.<br \/>\nIndl\u00e6gsholdere: Ren\u00e9 Aggersbjerg (LE34) og Jan Hedal Kramme (Horsens Kommune)<\/p>\n<p>Klimatilpasning og LAR \u2013 LAR-anl\u00e6g p\u00e5 offentlige veje \u2013 udfordringer og muligheder (Session D8 &#8211; Sal C)<br \/>\nEtablering af LAR-anl\u00e6g har f\u00e5et stor interesse fra b\u00e5de kommuners og spildevandsselskabers side, da anl\u00e6ggene b\u00e5de kan bidrage til klimasikring, \u201dden bl\u00e5\/gr\u00f8nne by\u201d og trafiksikkerhed. Der opst\u00e5r dog en r\u00e6kke udfordringer i forbindelse med den juridiske sikring af anl\u00e6ggene.<br \/>\nIndl\u00e6gget vil fokusere p\u00e5 projekter fra Aarhus Vand med henblik p\u00e5 at f\u00e5 skabt fokus p\u00e5 de udfordringer og muligheder, der opleves med etablering og sikring af LAR-anl\u00e6g i offentlige veje.<br \/>\nIndl\u00e6gsholder: Vibeke St\u00e6rdahl Nielsen (LE34)<\/p>\n<p>LER 2.0 \u2013 hvad, hvorfor og hvordan? (Session B6 &#8211; Salon 28+29)<br \/>\nDerudover holder vores kollega i LE34 Forsyning &#038; GIS, Merete Landberg Grandjean et relevant opl\u00e6g om de nye krav til opm\u00e5ling og registrering af ledninger i vejarealer, der tr\u00e6der i kraft allerede n\u00e6ste \u00e5r.<br \/>\nOpl\u00e6gget fort\u00e6ller kort og pr\u00e6cist om, hvad LER-loven betyder for arbejdet med ledninger i vejarealer. Der tages udgangspunkt i lovteksten til konkretisering af, hvad det betyder for manden i marken, og hvordan det p\u00e5virker de krav til dokumentation, der skal til for at opfylde LER-lovens krav.<br \/>\nVi gl\u00e6der os og h\u00e5ber, at vi ses til endnu et godt Vejforum d. 07. \u2013 08. december p\u00e5 Hotel Nyborg Stand<\/p>\n<p>Se alle nyheder fra Vejjura<\/p>\n<p>Kontakt eksperterne<\/p>\n<p>Gert M. Henningsen<br \/>\nJonathan Overgaard Markman<br \/>\nKenneth Holme Poulsen<br \/>\nRen\u00e9 Aggersbjerg<br \/>\nS\u00f8ren Henriksen<br \/>\nThomas Normann Asmussen<br \/>\nVibeke St\u00e6rdahl Nielsen<br \/>\nErik Jeppesen<br \/>\nMartin Korgaard<br \/>\nDaniel Lundeman Lind<\/p>\n","protected":false},"excerpt":{"rendered":"<p>30.11.2022 Som s\u00e6dvanlig deltager LE34\u2019s specialister fra Ekspropriation &#038; Jura i \u00e5rets Vejforum. Ligesom tidligere \u00e5r har vi en stand i udstillingen, hvor vi h\u00e5ber at se dig til en uformel snak. Vi h\u00e5ber ogs\u00e5 p\u00e5 at se dig til de aktuelle og sp\u00e6ndende indl\u00e6g, som vi i LE34 igen i \u00e5r har f\u00e5et forn\u00f8jelsen [&hellip;]<\/p>\n","protected":false},"author":36,"featured_media":0,"parent":0,"menu_order":0,"comment_status":"closed","ping_status":"closed","template":"","meta":{"_acf_changed":false,"footnotes":""},"class_list":["post-1740","page","type-page","status-publish","hentry"],"acf":[],"yoast_head":"<!-- This site is optimized with the Yoast SEO plugin v27.5 - https:\/\/yoast.com\/product\/yoast-seo-wordpress\/ -->\n<title>Ses vi til Vejforum? Specialister fra Ekspropriation &amp; Jura deltager<\/title>\n<meta name=\"description\" content=\"Som s\u00e6dvanlig deltager LE34. Ligesom tidligere \u00e5r har vi en stand i udstillingen, hvor vi h\u00e5ber at se dig til en uformel snak. L\u00e6s med her\" \/>\n<meta name=\"robots\" content=\"index, follow, max-snippet:-1, max-image-preview:large, max-video-preview:-1\" \/>\n<link rel=\"canonical\" href=\"https:\/\/www.le34.dk\/da\/ses-vi-til-vejforum\/\" \/>\n<meta property=\"og:locale\" content=\"da_DK\" \/>\n<meta property=\"og:type\" content=\"article\" \/>\n<meta property=\"og:title\" content=\"Ses vi til Vejforum? Specialister fra Ekspropriation &amp; Jura deltager\" \/>\n<meta property=\"og:description\" content=\"Som s\u00e6dvanlig deltager LE34. Ligesom tidligere \u00e5r har vi en stand i udstillingen, hvor vi h\u00e5ber at se dig til en uformel snak. L\u00e6s med her\" \/>\n<meta property=\"og:url\" content=\"https:\/\/www.le34.dk\/da\/ses-vi-til-vejforum\/\" \/>\n<meta property=\"og:site_name\" content=\"LE34\" \/>\n<meta property=\"article:modified_time\" content=\"2024-11-14T08:32:10+00:00\" \/>\n<meta name=\"twitter:card\" content=\"summary_large_image\" \/>\n<meta name=\"twitter:label1\" content=\"Estimeret l\u00e6setid\" \/>\n\t<meta name=\"twitter:data1\" content=\"6 minutter\" \/>\n<script type=\"application\/ld+json\" class=\"yoast-schema-graph\">{\"@context\":\"https:\\\/\\\/schema.org\",\"@graph\":[{\"@type\":\"WebPage\",\"@id\":\"https:\\\/\\\/www.le34.dk\\\/da\\\/ses-vi-til-vejforum\\\/\",\"url\":\"https:\\\/\\\/www.le34.dk\\\/da\\\/ses-vi-til-vejforum\\\/\",\"name\":\"Ses vi til Vejforum? Specialister fra Ekspropriation & Jura deltager\",\"isPartOf\":{\"@id\":\"https:\\\/\\\/www.le34.dk\\\/da\\\/#website\"},\"datePublished\":\"2022-11-21T10:44:18+00:00\",\"dateModified\":\"2024-11-14T08:32:10+00:00\",\"description\":\"Som s\u00e6dvanlig deltager LE34. Ligesom tidligere \u00e5r har vi en stand i udstillingen, hvor vi h\u00e5ber at se dig til en uformel snak. L\u00e6s med her\",\"breadcrumb\":{\"@id\":\"https:\\\/\\\/www.le34.dk\\\/da\\\/ses-vi-til-vejforum\\\/#breadcrumb\"},\"inLanguage\":\"da-DK\",\"potentialAction\":[{\"@type\":\"ReadAction\",\"target\":[\"https:\\\/\\\/www.le34.dk\\\/da\\\/ses-vi-til-vejforum\\\/\"]}]},{\"@type\":\"BreadcrumbList\",\"@id\":\"https:\\\/\\\/www.le34.dk\\\/da\\\/ses-vi-til-vejforum\\\/#breadcrumb\",\"itemListElement\":[{\"@type\":\"ListItem\",\"position\":1,\"name\":\"Home\",\"item\":\"https:\\\/\\\/www.le34.dk\\\/da\\\/\"},{\"@type\":\"ListItem\",\"position\":2,\"name\":\"Ses vi til Vejforum?\"}]},{\"@type\":\"WebSite\",\"@id\":\"https:\\\/\\\/www.le34.dk\\\/da\\\/#website\",\"url\":\"https:\\\/\\\/www.le34.dk\\\/da\\\/\",\"name\":\"LE34\",\"description\":\"\",\"potentialAction\":[{\"@type\":\"SearchAction\",\"target\":{\"@type\":\"EntryPoint\",\"urlTemplate\":\"https:\\\/\\\/www.le34.dk\\\/da\\\/?s={search_term_string}\"},\"query-input\":{\"@type\":\"PropertyValueSpecification\",\"valueRequired\":true,\"valueName\":\"search_term_string\"}}],\"inLanguage\":\"da-DK\"}]}<\/script>\n<!-- \/ Yoast SEO plugin. -->","yoast_head_json":{"title":"Ses vi til Vejforum? Specialister fra Ekspropriation & Jura deltager","description":"Som s\u00e6dvanlig deltager LE34. Ligesom tidligere \u00e5r har vi en stand i udstillingen, hvor vi h\u00e5ber at se dig til en uformel snak. L\u00e6s med her","robots":{"index":"index","follow":"follow","max-snippet":"max-snippet:-1","max-image-preview":"max-image-preview:large","max-video-preview":"max-video-preview:-1"},"canonical":"https:\/\/www.le34.dk\/da\/ses-vi-til-vejforum\/","og_locale":"da_DK","og_type":"article","og_title":"Ses vi til Vejforum? Specialister fra Ekspropriation & Jura deltager","og_description":"Som s\u00e6dvanlig deltager LE34. Ligesom tidligere \u00e5r har vi en stand i udstillingen, hvor vi h\u00e5ber at se dig til en uformel snak. L\u00e6s med her","og_url":"https:\/\/www.le34.dk\/da\/ses-vi-til-vejforum\/","og_site_name":"LE34","article_modified_time":"2024-11-14T08:32:10+00:00","twitter_card":"summary_large_image","twitter_misc":{"Estimeret l\u00e6setid":"6 minutter"},"schema":{"@context":"https:\/\/schema.org","@graph":[{"@type":"WebPage","@id":"https:\/\/www.le34.dk\/da\/ses-vi-til-vejforum\/","url":"https:\/\/www.le34.dk\/da\/ses-vi-til-vejforum\/","name":"Ses vi til Vejforum? Specialister fra Ekspropriation & Jura deltager","isPartOf":{"@id":"https:\/\/www.le34.dk\/da\/#website"},"datePublished":"2022-11-21T10:44:18+00:00","dateModified":"2024-11-14T08:32:10+00:00","description":"Som s\u00e6dvanlig deltager LE34. Ligesom tidligere \u00e5r har vi en stand i udstillingen, hvor vi h\u00e5ber at se dig til en uformel snak. L\u00e6s med her","breadcrumb":{"@id":"https:\/\/www.le34.dk\/da\/ses-vi-til-vejforum\/#breadcrumb"},"inLanguage":"da-DK","potentialAction":[{"@type":"ReadAction","target":["https:\/\/www.le34.dk\/da\/ses-vi-til-vejforum\/"]}]},{"@type":"BreadcrumbList","@id":"https:\/\/www.le34.dk\/da\/ses-vi-til-vejforum\/#breadcrumb","itemListElement":[{"@type":"ListItem","position":1,"name":"Home","item":"https:\/\/www.le34.dk\/da\/"},{"@type":"ListItem","position":2,"name":"Ses vi til Vejforum?"}]},{"@type":"WebSite","@id":"https:\/\/www.le34.dk\/da\/#website","url":"https:\/\/www.le34.dk\/da\/","name":"LE34","description":"","potentialAction":[{"@type":"SearchAction","target":{"@type":"EntryPoint","urlTemplate":"https:\/\/www.le34.dk\/da\/?s={search_term_string}"},"query-input":{"@type":"PropertyValueSpecification","valueRequired":true,"valueName":"search_term_string"}}],"inLanguage":"da-DK"}]}},"_links":{"self":[{"href":"https:\/\/www.le34.dk\/da\/wp-json\/wp\/v2\/pages\/1740","targetHints":{"allow":["GET"]}}],"collection":[{"href":"https:\/\/www.le34.dk\/da\/wp-json\/wp\/v2\/pages"}],"about":[{"href":"https:\/\/www.le34.dk\/da\/wp-json\/wp\/v2\/types\/page"}],"author":[{"embeddable":true,"href":"https:\/\/www.le34.dk\/da\/wp-json\/wp\/v2\/users\/36"}],"replies":[{"embeddable":true,"href":"https:\/\/www.le34.dk\/da\/wp-json\/wp\/v2\/comments?post=1740"}],"version-history":[{"count":2,"href":"https:\/\/www.le34.dk\/da\/wp-json\/wp\/v2\/pages\/1740\/revisions"}],"predecessor-version":[{"id":16582,"href":"https:\/\/www.le34.dk\/da\/wp-json\/wp\/v2\/pages\/1740\/revisions\/16582"}],"wp:attachment":[{"href":"https:\/\/www.le34.dk\/da\/wp-json\/wp\/v2\/media?parent=1740"}],"curies":[{"name":"wp","href":"https:\/\/api.w.org\/{rel}","templated":true}]}}