{"id":16649,"date":"2024-11-19T20:07:40","date_gmt":"2024-11-19T20:07:40","guid":{"rendered":"https:\/\/www.le34.dk\/?page_id=16649"},"modified":"2024-11-26T20:00:08","modified_gmt":"2024-11-26T20:00:08","slug":"ses-vi-paa-vejforum","status":"publish","type":"page","link":"https:\/\/www.le34.dk\/da\/ses-vi-paa-vejforum\/","title":{"rendered":"Ses vi p\u00e5 Vejforum?"},"content":{"rendered":"<p>27.11.2024<br \/>\nVores specialister deltager igen i \u00e5rets Vejforum. Vi har en stand i udstillingen, hvor vi h\u00e5ber at m\u00f8de dig. Vi h\u00e5ber ogs\u00e5, at vi ser dig til de aktuelle og sp\u00e6ndende indl\u00e6g, som vi har forn\u00f8jelsen af at holde i \u00e5r.<\/p>\n<p>Opladning af elbiler \u2013 udfordringer i forhold til vejlovgivningen (session E9, sal C)<br \/>\nMed den stigende udbredelse af elbiler er der opst\u00e5et nye udfordringer for vejmyndighederne.<br \/>\nDer kan v\u00e6re tale om bilejere, som ikke har mulighed for at etablere lademuligheder p\u00e5 egen ejendom og derfor gerne vil have mulighed for at lade deres bil ud for ejendommen. Det kan resultere i udfordringer, hvis bilejeren \u00f8nsker at tr\u00e6kke et ladekabel ud til bilen. Hvordan skal ladekablet tr\u00e6kkes over et eventuelt fortov? Og kan bilejeren v\u00e6re sikker p\u00e5 at kunne parkere bilen, s\u00e5 den kan lades?<br \/>\nDet er \u00e9t eksempel p\u00e5 de problemstillinger, der kan opst\u00e5 som f\u00f8lge af, at der kommer flere elbiler. Opl\u00e6gget vil behandle flere problemstillinger inden for emnet.<br \/>\nIndl\u00e6gsholder: Ren\u00e9 Aggersbjerg (LE34)<\/p>\n<p>Nedl\u00e6ggelse og retablering af private f\u00e6llesveje (session D9, sal A+B)<br \/>\nMed j\u00e6vne mellemrum er der grundejere, som \u00f8nsker at nedl\u00e6gge private f\u00e6llesveje. Nogle grundejere v\u00e6lger endda at g\u00f8re det p\u00e5 egen h\u00e5nd.<br \/>\nSom vejmyndighed skal kommunen godkende, at private f\u00e6llesveje nedl\u00e6gges. Kommunen kan ogs\u00e5 kr\u00e6ve, at en privat f\u00e6llesvej, som er nedlagt uden godkendelse, bliver retableret.<br \/>\nDette indl\u00e6g vil p\u00e5 baggrund af nogle verserende sager se n\u00e6rmere p\u00e5, hvorn\u00e5r en privat f\u00e6llesvej kan nedl\u00e6gges, og hvorn\u00e5r der overhovedet er tale om en privat f\u00e6llesvej.<br \/>\nIndl\u00e6gsholder: Ren\u00e9 Aggersbjerg (LE34)<\/p>\n<p>Se alle nyheder fra Vejjura<\/p>\n<p>Kontakt eksperterne<\/p>\n<p>Kenneth Holme Poulsen<br \/>\nVibeke St\u00e6rdahl Nielsen<br \/>\nGert M. Henningsen<br \/>\nJonathan Overgaard Markman<br \/>\nRen\u00e9 Aggersbjerg<br \/>\nS\u00f8ren Henriksen<br \/>\nThomas Normann Asmussen<br \/>\nErik Jeppesen<br \/>\nMartin Korgaard<br \/>\nDaniel Lundeman Lind<\/p>\n","protected":false},"excerpt":{"rendered":"<p>27.11.2024 Vores specialister deltager igen i \u00e5rets Vejforum. Vi har en stand i udstillingen, hvor vi h\u00e5ber at m\u00f8de dig. Vi h\u00e5ber ogs\u00e5, at vi ser dig til de aktuelle og sp\u00e6ndende indl\u00e6g, som vi har forn\u00f8jelsen af at holde i \u00e5r. Opladning af elbiler \u2013 udfordringer i forhold til vejlovgivningen (session E9, sal C) [&hellip;]<\/p>\n","protected":false},"author":11,"featured_media":0,"parent":0,"menu_order":0,"comment_status":"closed","ping_status":"closed","template":"","meta":{"_acf_changed":false,"footnotes":""},"class_list":["post-16649","page","type-page","status-publish","hentry"],"acf":[],"yoast_head":"<!-- This site is optimized with the Yoast SEO plugin v27.5 - https:\/\/yoast.com\/product\/yoast-seo-wordpress\/ -->\n<title>Ses vi p\u00e5 Vejforum?<\/title>\n<meta name=\"description\" content=\"Vejforum n\u00e6rmer sig, og LE34 er repr\u00e6senteret i programmet.\" \/>\n<meta name=\"robots\" content=\"index, follow, max-snippet:-1, max-image-preview:large, max-video-preview:-1\" \/>\n<link rel=\"canonical\" href=\"https:\/\/www.le34.dk\/da\/ses-vi-paa-vejforum\/\" \/>\n<meta property=\"og:locale\" content=\"da_DK\" \/>\n<meta property=\"og:type\" content=\"article\" \/>\n<meta property=\"og:title\" content=\"Ses vi p\u00e5 Vejforum?\" \/>\n<meta property=\"og:description\" content=\"27.11.2024 Vores specialister deltager igen i \u00e5rets Vejforum. Vi har en stand i udstillingen, hvor vi h\u00e5ber at m\u00f8de dig. Vi h\u00e5ber ogs\u00e5, at vi ser dig til de aktuelle og sp\u00e6ndende indl\u00e6g, som vi har forn\u00f8jelsen af at holde i \u00e5r. Opladning af elbiler \u2013 udfordringer i forhold til vejlovgivningen (session E9, sal C) [&hellip;]\" \/>\n<meta property=\"og:url\" content=\"https:\/\/www.le34.dk\/da\/ses-vi-paa-vejforum\/\" \/>\n<meta property=\"og:site_name\" content=\"LE34\" \/>\n<meta property=\"article:modified_time\" content=\"2024-11-26T20:00:08+00:00\" \/>\n<meta name=\"twitter:card\" content=\"summary_large_image\" \/>\n<meta name=\"twitter:label1\" content=\"Estimeret l\u00e6setid\" \/>\n\t<meta name=\"twitter:data1\" content=\"5 minutter\" \/>\n<script type=\"application\/ld+json\" class=\"yoast-schema-graph\">{\"@context\":\"https:\\\/\\\/schema.org\",\"@graph\":[{\"@type\":\"WebPage\",\"@id\":\"https:\\\/\\\/www.le34.dk\\\/da\\\/ses-vi-paa-vejforum\\\/\",\"url\":\"https:\\\/\\\/www.le34.dk\\\/da\\\/ses-vi-paa-vejforum\\\/\",\"name\":\"Ses vi p\u00e5 Vejforum?\",\"isPartOf\":{\"@id\":\"https:\\\/\\\/www.le34.dk\\\/da\\\/#website\"},\"datePublished\":\"2024-11-19T20:07:40+00:00\",\"dateModified\":\"2024-11-26T20:00:08+00:00\",\"breadcrumb\":{\"@id\":\"https:\\\/\\\/www.le34.dk\\\/da\\\/ses-vi-paa-vejforum\\\/#breadcrumb\"},\"inLanguage\":\"da-DK\",\"potentialAction\":[{\"@type\":\"ReadAction\",\"target\":[\"https:\\\/\\\/www.le34.dk\\\/da\\\/ses-vi-paa-vejforum\\\/\"]}]},{\"@type\":\"BreadcrumbList\",\"@id\":\"https:\\\/\\\/www.le34.dk\\\/da\\\/ses-vi-paa-vejforum\\\/#breadcrumb\",\"itemListElement\":[{\"@type\":\"ListItem\",\"position\":1,\"name\":\"Home\",\"item\":\"https:\\\/\\\/www.le34.dk\\\/da\\\/\"},{\"@type\":\"ListItem\",\"position\":2,\"name\":\"Ses vi p\u00e5 Vejforum?\"}]},{\"@type\":\"WebSite\",\"@id\":\"https:\\\/\\\/www.le34.dk\\\/da\\\/#website\",\"url\":\"https:\\\/\\\/www.le34.dk\\\/da\\\/\",\"name\":\"LE34\",\"description\":\"\",\"potentialAction\":[{\"@type\":\"SearchAction\",\"target\":{\"@type\":\"EntryPoint\",\"urlTemplate\":\"https:\\\/\\\/www.le34.dk\\\/da\\\/?s={search_term_string}\"},\"query-input\":{\"@type\":\"PropertyValueSpecification\",\"valueRequired\":true,\"valueName\":\"search_term_string\"}}],\"inLanguage\":\"da-DK\"}]}<\/script>\n<!-- \/ Yoast SEO plugin. -->","yoast_head_json":{"title":"Ses vi p\u00e5 Vejforum?","description":"Vejforum n\u00e6rmer sig, og LE34 er repr\u00e6senteret i programmet.","robots":{"index":"index","follow":"follow","max-snippet":"max-snippet:-1","max-image-preview":"max-image-preview:large","max-video-preview":"max-video-preview:-1"},"canonical":"https:\/\/www.le34.dk\/da\/ses-vi-paa-vejforum\/","og_locale":"da_DK","og_type":"article","og_title":"Ses vi p\u00e5 Vejforum?","og_description":"27.11.2024 Vores specialister deltager igen i \u00e5rets Vejforum. Vi har en stand i udstillingen, hvor vi h\u00e5ber at m\u00f8de dig. Vi h\u00e5ber ogs\u00e5, at vi ser dig til de aktuelle og sp\u00e6ndende indl\u00e6g, som vi har forn\u00f8jelsen af at holde i \u00e5r. Opladning af elbiler \u2013 udfordringer i forhold til vejlovgivningen (session E9, sal C) [&hellip;]","og_url":"https:\/\/www.le34.dk\/da\/ses-vi-paa-vejforum\/","og_site_name":"LE34","article_modified_time":"2024-11-26T20:00:08+00:00","twitter_card":"summary_large_image","twitter_misc":{"Estimeret l\u00e6setid":"5 minutter"},"schema":{"@context":"https:\/\/schema.org","@graph":[{"@type":"WebPage","@id":"https:\/\/www.le34.dk\/da\/ses-vi-paa-vejforum\/","url":"https:\/\/www.le34.dk\/da\/ses-vi-paa-vejforum\/","name":"Ses vi p\u00e5 Vejforum?","isPartOf":{"@id":"https:\/\/www.le34.dk\/da\/#website"},"datePublished":"2024-11-19T20:07:40+00:00","dateModified":"2024-11-26T20:00:08+00:00","breadcrumb":{"@id":"https:\/\/www.le34.dk\/da\/ses-vi-paa-vejforum\/#breadcrumb"},"inLanguage":"da-DK","potentialAction":[{"@type":"ReadAction","target":["https:\/\/www.le34.dk\/da\/ses-vi-paa-vejforum\/"]}]},{"@type":"BreadcrumbList","@id":"https:\/\/www.le34.dk\/da\/ses-vi-paa-vejforum\/#breadcrumb","itemListElement":[{"@type":"ListItem","position":1,"name":"Home","item":"https:\/\/www.le34.dk\/da\/"},{"@type":"ListItem","position":2,"name":"Ses vi p\u00e5 Vejforum?"}]},{"@type":"WebSite","@id":"https:\/\/www.le34.dk\/da\/#website","url":"https:\/\/www.le34.dk\/da\/","name":"LE34","description":"","potentialAction":[{"@type":"SearchAction","target":{"@type":"EntryPoint","urlTemplate":"https:\/\/www.le34.dk\/da\/?s={search_term_string}"},"query-input":{"@type":"PropertyValueSpecification","valueRequired":true,"valueName":"search_term_string"}}],"inLanguage":"da-DK"}]}},"_links":{"self":[{"href":"https:\/\/www.le34.dk\/da\/wp-json\/wp\/v2\/pages\/16649","targetHints":{"allow":["GET"]}}],"collection":[{"href":"https:\/\/www.le34.dk\/da\/wp-json\/wp\/v2\/pages"}],"about":[{"href":"https:\/\/www.le34.dk\/da\/wp-json\/wp\/v2\/types\/page"}],"author":[{"embeddable":true,"href":"https:\/\/www.le34.dk\/da\/wp-json\/wp\/v2\/users\/11"}],"replies":[{"embeddable":true,"href":"https:\/\/www.le34.dk\/da\/wp-json\/wp\/v2\/comments?post=16649"}],"version-history":[{"count":7,"href":"https:\/\/www.le34.dk\/da\/wp-json\/wp\/v2\/pages\/16649\/revisions"}],"predecessor-version":[{"id":16740,"href":"https:\/\/www.le34.dk\/da\/wp-json\/wp\/v2\/pages\/16649\/revisions\/16740"}],"wp:attachment":[{"href":"https:\/\/www.le34.dk\/da\/wp-json\/wp\/v2\/media?parent=16649"}],"curies":[{"name":"wp","href":"https:\/\/api.w.org\/{rel}","templated":true}]}}