{"id":13285,"date":"2023-11-20T11:04:14","date_gmt":"2023-11-20T11:04:14","guid":{"rendered":"https:\/\/www.le34.dk\/myndighedsinhabilitet-en-udtalelse-fra-folketingets-ombudsmand\/"},"modified":"2024-01-15T14:59:25","modified_gmt":"2024-01-15T14:59:25","slug":"myndighedsinhabilitet-en-udtalelse-fra-folketingets-ombudsmand","status":"publish","type":"page","link":"https:\/\/www.le34.dk\/da\/myndighedsinhabilitet-en-udtalelse-fra-folketingets-ombudsmand\/","title":{"rendered":"Myndighedsinhabilitet \u2013 en udtalelse fra Folketingets Ombudsmand"},"content":{"rendered":"<p>29.11.2023<br \/>\nFolketingets Ombudsmand har for nylig behandlet sp\u00f8rgsm\u00e5let om myndighedsinhabilitet indg\u00e5ende i en sag, hvor en kommune havde dispenseret fra lovgivningens afstandskrav til byzone i forbindelse med ops\u00e6tning af hegn og afgr\u00e6sning ved kv\u00e6g p\u00e5 et areal, der tilh\u00f8rte kommunen. Selvom sagen ikke drejede sig om vejforhold og vejlovgivningen, vil sagen v\u00e6re interessant for vejmyndighederne, fordi ombudsmanden i sin udtalelse opstiller en r\u00e6kke forholdsregler, der b\u00f8r tr\u00e6ffes i sager, hvor der bliver tale om myndighedsinhabilitet.<\/p>\n<p>Sagens baggrund<br \/>\nDen sag, som ombudsmanden har behandlet, drejer sig som n\u00e6vnt om en dispensation fra lovgivningens afstandskrav til byzone i forbindelse med ops\u00e6tning af hegn og afgr\u00e6sning ved kv\u00e6g p\u00e5 et areal, der tilh\u00f8rte kommunen. Kommunen traf s\u00e5ledes afg\u00f8relse i sagen som myndighed, men var samtidig grundejer.<br \/>\nKommunen havde i marts 2020 sendt et udkast til afg\u00f8relse til de ber\u00f8rte grundejere, hvor kommunen lagde op til at dispensere fra afstandskravet. De grundejere, som senere klagede til ombudsmanden, fremsendte bem\u00e6rkninger til kommunen, hvor de blandt andet gjorde g\u00e6ldende, at de p\u00e5 grund af lugt- og st\u00f8jgener ikke \u00f8nskede kv\u00e6g s\u00e5 t\u00e6t p\u00e5 deres bolig, at der ikke var hjemmel til at meddele dispensation, og at kommunen ville im\u00f8dekomme en ans\u00f8gning om dispensation fra sig selv, som ville have store konsekvenserne for grundejerne.<br \/>\nI juni 2020 traf kommunen afg\u00f8relse og meddelte dispensation. Afg\u00f8relsen svarede dog ikke til det udkast, der var sendt i partsh\u00f8ring. Kommunen havde nemlig p\u00e5 baggrund af de indkomne h\u00f8ringssvar besluttet, at der ikke m\u00e5tte v\u00e6re afgr\u00e6sning i sommerperioden p\u00e5 hele det indhegnede areal, mens det i udkastet alene var en del af det indhegnede, der ikke m\u00e5tte afgr\u00e6sses i sommerperioden. Den endelige dispensation blev s\u00e5ledes mindre omfattende end oprindeligt forudsat.<br \/>\nAns\u00f8gningen om dispensation var indgivet af kommunens Team Natur, mens dispensationssagen blev behandlet af kommunens Team Landbrug. Begge teams h\u00f8rte under afdelingen Landbrug og Natur, og de to teams havde derfor samme afdelingsleder.<br \/>\nAfg\u00f8relsen blev truffet i medf\u00f8r af husdyrg\u00f8dningsbekendtg\u00f8relsen. Bekendtg\u00f8relsen indeholder ikke regler, der giver kommunalbestyrelsen adgang til at henskyde afg\u00f8relser til andre organer, f.eks. i tilf\u00e6lde hvor kommunen er myndighedsinhabil. At afg\u00f8relsen ikke kan overlades til andre, har stor betydning for kommunens h\u00e5ndtering af sagen.<\/p>\n<p>Ombudsmandens udtalelse<br \/>\nKommunen var efter ombudsmandens opfattelse myndighedsinhabil, da kommunen traf afg\u00f8relsen om dispensation, idet kommunen selv havde s\u00f8gt dispensation og dermed var part i sagen. Samtidig fandt ombudsmanden, at der ikke var mulighed for substitution med en anden myndighed, og kommunen var derfor n\u00f8dt til selv at tr\u00e6ffe afg\u00f8relse.<br \/>\nOmbudsmanden konkluderede p\u00e5 baggrund af sagens oplysninger, at kommunen ikke var opm\u00e6rksom p\u00e5 sp\u00f8rgsm\u00e5let om inhabilitet forud for afg\u00f8relsen, og at kommunen derfor ikke gjorde sig overvejelser om interessekonflikten. Kommunen tog heller ikke \u2013 eller overvejede at tage \u2013 forholdsregler for at afb\u00f8de interessekonflikten og tydeligg\u00f8re, at den ikke havde betydning for sagens afg\u00f8relse.<br \/>\nDerfor henstillede ombudsmanden til kommunen at genoptage behandlingen af sagen og tr\u00e6ffe en ny afg\u00f8relse.<\/p>\n<p>L\u00e6s ombudsmandens udtalelse<br \/>\nMyndighedsinhabilitet<br \/>\nI udtalelsen konstaterer ombudsmanden, at der g\u00e6lder en uskreven retsgrunds\u00e6tning om myndighedsinhabilitet. Myndighedsinhabilitet kan foreligge, n\u00e5r en forvaltningsmyndighed selv er part i sagen eller i \u00f8vrigt har en s\u00e6rlig og uvedkommende interesse i sagens behandling og afg\u00f8relse. Til forskel fra \u201dalmindelig\u201d inhabilitet, hvor en sagsbehandler kan v\u00e6re inhabil i en konkret sag, og sagen derfor m\u00e5 behandles af en kollega, er det ved myndighedsinhabilitet selve myndigheden, der er inhabil.<br \/>\nVurderingen af, om der foreligger myndighedsinhabilitet, er objektiv og generel. Det er afg\u00f8rende, om der foreligger en inhabilitetsbegrundende interesse i sagen. Vurderingen af, om der foreligger inhabilitet, bliver ikke p\u00e5virket af, om der er truffet s\u00e6rlige forholdsregler i forbindelse med behandlingen af den konkrete sag, eller om substitution har v\u00e6ret vanskelig eller umulig.<br \/>\nDet er vigtigt at v\u00e6re opm\u00e6rksom p\u00e5, om der foreligger myndighedsinhabilitet. N\u00e5r myndigheden er opm\u00e6rksom p\u00e5 problematikken, har myndigheden mulighed for at tr\u00e6ffe forholdsregler, som kan afb\u00f8de interessekonflikten.<br \/>\nEn forholdsregel kunne v\u00e6re substitution, hvor det overlades til en anden myndighed at tr\u00e6ffe afg\u00f8relse i sagen. Vejlovgivningen indeholder imidlertid ikke regler om substitution, og vejmyndigheden skal derfor selv tr\u00e6ffe afg\u00f8relser \u2013 under iagttagelse af s\u00e6rlige forholdsregler.<\/p>\n<p>Forholdsregler<br \/>\nI udtalelsen peger ombudsmanden p\u00e5 forskellige andre muligheder, som kommunen som vejmyndighed kan overveje for at afb\u00f8de interessekonflikten.<br \/>\nEn mulighed er at overveje, om det er muligt at lade en anden del af den samme myndighed behandle sagen, eller om sagen b\u00f8r forel\u00e6gges for en eventuel overordnet myndighed, om der b\u00f8r indhentes en udtalelse fra en fagmyndighed p\u00e5 omr\u00e5det, eller om der b\u00f8r inddrages relevant fagkundskab fra private organer.<br \/>\nI forhold til vejlovgivningen vil Vejdirektoratet v\u00e6re den overordnede myndighed, ligesom Vejdirektoratet ogs\u00e5 er fagmyndighed p\u00e5 omr\u00e5det. Samtidig er Vejdirektoratet dog ogs\u00e5 klagemyndighed og kan derfor som udgangspunkt ikke udtale sig om konkrete sager.<br \/>\nOmbudsmanden peger ogs\u00e5 p\u00e5, at det i sager, hvor substitution ikke har v\u00e6ret mulig, b\u00f8r fremg\u00e5 af afg\u00f8relsen, at der har foreligget myndighedsinhabilitet. Samtidig b\u00f8r der gives en s\u00e6rlig udf\u00f8rlig begrundelse for afg\u00f8relsen, hvis den kan anses for at begunstige myndigheden.<br \/>\nSubstitutionsumulighed kan ogs\u00e5 f\u00f8re til, at der b\u00f8r anl\u00e6gges en for borgeren mere lempelig vurdering af sagen end efter s\u00e6dvanlig praksis, hvis det kan ske uden negative virkninger for eventuelle andre parter eller almene hensyn.<br \/>\nEndelig bem\u00e6rker ombudsmanden, at klageinstansen (dvs. Vejdirektoratet, n\u00e5r det drejer sig om kommuners afg\u00f8relser efter vejlovgivningen) kan foretage en mere intensiv pr\u00f8velse af afg\u00f8relsen. I overensstemmelse med dette har Vejdirektoratet i mange tilf\u00e6lde stillet st\u00f8rre krav til begrundelsen i sager, hvor kommunen selv er part.<\/p>\n<p>Retsvirkningen af (myndigheds)inhabilitet<br \/>\nSom udgangspunkt vil manglende iagttagelse af regler om inhabilitet betyde, at den trufne afg\u00f8relse er ugyldig. Dette g\u00e6lder ikke kun, n\u00e5r inhabiliteten har haft indflydelse p\u00e5 sagens udfald. Form\u00e5let med inhabilitetsreglerne er ogs\u00e5 at sikre borgernes tillid til offentlige myndigheder. Derfor vil udgangspunktet ogs\u00e5 v\u00e6re, at afg\u00f8relsen er ugyldig, selvom inhabiliteten kun ud fra en mere abstrakt eller generel bed\u00f8mmelse har v\u00e6ret v\u00e6sentlig.<br \/>\nHvis afg\u00f8relsen skal kunne opretholdes p\u00e5 trods af myndighedsinhabilitet, vil det kr\u00e6ve, at myndigheden b\u00e5de kan godtg\u00f8re, at afg\u00f8relsen indholdsm\u00e6ssigt er korrekt, og at den ikke ville have f\u00e5et et andet indhold, hvis der ikke havde v\u00e6ret tale om myndighedsinhabilitet.<\/p>\n<p>Kommunens overvejelser i den konkrete sag<br \/>\nI den konkrete sag havde kommunen mere end et \u00e5r efter afg\u00f8relsen oplyst til de grundejere, der senere klagede til ombudsmanden, at kommunen ikke mente, at den var inhabil. Kommunen bem\u00e6rkede her, at det b\u00e5de er normalt og uundg\u00e5eligt, at \u00e9n enhed i kommunen s\u00f8ger andre enheder om tilladelse til forskellige projekter.<br \/>\nKommunen gjorde ogs\u00e5 opm\u00e6rksom p\u00e5, at et udkast til afg\u00f8relsen havde v\u00e6ret sendt i h\u00f8ring, og at afg\u00f8relsen derfor var truffet p\u00e5 et tilstr\u00e6kkeligt oplyst grundlag. Sagsbehandlingen var if\u00f8lge kommunen sket p\u00e5 et objektivt grundlag.<br \/>\nOgs\u00e5 over for ombudsmanden fastholdt kommunen, at der ikke forel\u00e5 myndighedsinhabilitet i forbindelse med afg\u00f8relsen. Derudover var der if\u00f8lge kommunen tale om en ukompliceret sag, som kommunen ikke havde nogen \u00f8konomisk interesse i.<\/p>\n<p>Ombudsmandens overvejelser<br \/>\nOmbudsmanden sl\u00e5r i udtalelsen fast, at kommunen var myndighedsinhabil, da kommunen traf afg\u00f8relsen \u2013 uanset om kommunen ikke havde en \u00f8konomisk interesse i sagen eller i \u00f8vrigt mente, at afg\u00f8relsen var truffet p\u00e5 et objektivt, fagligt og sagligt grundlag.<br \/>\nDesuden l\u00e6gger ombudsmanden til grund, at lovgiver har forudsat, at der ikke skulle ske substitution i sager, som den kommunen havde truffet afg\u00f8relse om.<br \/>\nP\u00e5 den baggrund mener ombudsmanden, at kommunen skulle have v\u00e6ret opm\u00e6rksom p\u00e5 inhabiliteten, og at kommunen skulle tage \u2013 eller i hvert fald overveje at tage \u2013 nogle s\u00e6rlige forholdsregler.<br \/>\nOmbudsmanden konstaterer dog, at kommunen netop ikke var opm\u00e6rksom p\u00e5 inhabiliteten, og at kommunen (derfor) ikke overvejede at indhente en udtalelse fra en anden myndighed eller fra et privat organ, men f\u00f8rst efterf\u00f8lgende overvejede, om konflikten kunne have v\u00e6ret afb\u00f8det med s\u00e6rlige forholdsregler, ligesom kommunen hverken i afg\u00f8relsen eller i \u00f8vrigt i forbindelse med sagsbehandlingen forholdt sig til inhabilitetssp\u00f8rgsm\u00e5let, som grundejerne ellers havde gjort g\u00e6ldende.<br \/>\nSelvom ombudsmanden bem\u00e6rker, at han ikke har grund til at tro, at kommunen havde lagt v\u00e6gt p\u00e5 usaglige hensyn eller i \u00f8vrigt havde tilsidesat regler for sagens materielle afg\u00f8relse, henstiller ombudsmanden til kommunen, at sagen genoptages, og at der tr\u00e6ffes en ny afg\u00f8relse.<br \/>\nDette begrunder ombudsmanden blandt andet med henvisning til de hensyn, der ligger bag inhabilitetsreglerne, og at det ville v\u00e6re en foruds\u00e6tning for ikke at henstille til, at sagen genoptages, at ombudsmanden efter en sk\u00e6rpet pr\u00f8velse kunne konstatere, at afg\u00f8relsen b\u00e5de var i overensstemmelse med lovgivningen, og at den ikke ville have f\u00e5et et andet indhold, hvis der ikke forel\u00e5 inhabilitet.<br \/>\nDa ombudsmanden ikke har s\u00e6rlig fagkundskab af naturfaglig art og derfor ikke har foruds\u00e6tninger for at bed\u00f8mme, om afg\u00f8relsen hviler p\u00e5 en korrekt vurdering, og da sagens sk\u00f8nsm\u00e6ssige karakter indeb\u00e6rer, at ombudsmanden ikke selv kan efterpr\u00f8ve, om afg\u00f8relsen ville v\u00e6re blevet anderledes, s\u00e5fremt der ikke forel\u00e5 myndighedsinhabilitet, bliver resultatet en opfordring til kommunen om at genoptage sagen og tr\u00e6ffe en ny afg\u00f8relse.<\/p>\n<p>Se alle nyheder i Vejjura<\/p>\n<p>Kontakt eksperterne<\/p>\n<p>Kenneth Holme Poulsen<br \/>\nVibeke St\u00e6rdahl Nielsen<br \/>\nGert M. Henningsen<br \/>\nJonathan Overgaard Markman<br \/>\nRen\u00e9 Aggersbjerg<br \/>\nS\u00f8ren Henriksen<br \/>\nThomas Normann Asmussen<br \/>\nErik Jeppesen<br \/>\nMartin Korgaard<br \/>\nDaniel Lundeman Lind<\/p>\n","protected":false},"excerpt":{"rendered":"<p>29.11.2023 Folketingets Ombudsmand har for nylig behandlet sp\u00f8rgsm\u00e5let om myndighedsinhabilitet indg\u00e5ende i en sag, hvor en kommune havde dispenseret fra lovgivningens afstandskrav til byzone i forbindelse med ops\u00e6tning af hegn og afgr\u00e6sning ved kv\u00e6g p\u00e5 et areal, der tilh\u00f8rte kommunen. Selvom sagen ikke drejede sig om vejforhold og vejlovgivningen, vil sagen v\u00e6re interessant for vejmyndighederne, [&hellip;]<\/p>\n","protected":false},"author":3,"featured_media":0,"parent":0,"menu_order":0,"comment_status":"closed","ping_status":"closed","template":"","meta":{"_acf_changed":false,"footnotes":""},"class_list":["post-13285","page","type-page","status-publish","hentry"],"acf":[],"yoast_head":"<!-- This site is optimized with the Yoast SEO plugin v27.5 - https:\/\/yoast.com\/product\/yoast-seo-wordpress\/ -->\n<title>Myndighedsinhabilitet \u2013 en udtalelse fra Folketingets Ombudsmand<\/title>\n<meta name=\"robots\" content=\"index, follow, max-snippet:-1, max-image-preview:large, max-video-preview:-1\" \/>\n<link rel=\"canonical\" href=\"https:\/\/www.le34.dk\/da\/myndighedsinhabilitet-en-udtalelse-fra-folketingets-ombudsmand\/\" \/>\n<meta property=\"og:locale\" content=\"da_DK\" \/>\n<meta property=\"og:type\" content=\"article\" \/>\n<meta property=\"og:title\" content=\"Myndighedsinhabilitet \u2013 en udtalelse fra Folketingets Ombudsmand\" \/>\n<meta property=\"og:description\" content=\"29.11.2023 Folketingets Ombudsmand har for nylig behandlet sp\u00f8rgsm\u00e5let om myndighedsinhabilitet indg\u00e5ende i en sag, hvor en kommune havde dispenseret fra lovgivningens afstandskrav til byzone i forbindelse med ops\u00e6tning af hegn og afgr\u00e6sning ved kv\u00e6g p\u00e5 et areal, der tilh\u00f8rte kommunen. Selvom sagen ikke drejede sig om vejforhold og vejlovgivningen, vil sagen v\u00e6re interessant for vejmyndighederne, [&hellip;]\" \/>\n<meta property=\"og:url\" content=\"https:\/\/www.le34.dk\/da\/myndighedsinhabilitet-en-udtalelse-fra-folketingets-ombudsmand\/\" \/>\n<meta property=\"og:site_name\" content=\"LE34\" \/>\n<meta property=\"article:modified_time\" content=\"2024-01-15T14:59:25+00:00\" \/>\n<meta name=\"twitter:card\" content=\"summary_large_image\" \/>\n<meta name=\"twitter:label1\" content=\"Estimeret l\u00e6setid\" \/>\n\t<meta name=\"twitter:data1\" content=\"8 minutter\" \/>\n<script type=\"application\/ld+json\" class=\"yoast-schema-graph\">{\"@context\":\"https:\\\/\\\/schema.org\",\"@graph\":[{\"@type\":\"WebPage\",\"@id\":\"https:\\\/\\\/www.le34.dk\\\/da\\\/myndighedsinhabilitet-en-udtalelse-fra-folketingets-ombudsmand\\\/\",\"url\":\"https:\\\/\\\/www.le34.dk\\\/da\\\/myndighedsinhabilitet-en-udtalelse-fra-folketingets-ombudsmand\\\/\",\"name\":\"Myndighedsinhabilitet \u2013 en udtalelse fra Folketingets Ombudsmand\",\"isPartOf\":{\"@id\":\"https:\\\/\\\/www.le34.dk\\\/da\\\/#website\"},\"datePublished\":\"2023-11-20T11:04:14+00:00\",\"dateModified\":\"2024-01-15T14:59:25+00:00\",\"breadcrumb\":{\"@id\":\"https:\\\/\\\/www.le34.dk\\\/da\\\/myndighedsinhabilitet-en-udtalelse-fra-folketingets-ombudsmand\\\/#breadcrumb\"},\"inLanguage\":\"da-DK\",\"potentialAction\":[{\"@type\":\"ReadAction\",\"target\":[\"https:\\\/\\\/www.le34.dk\\\/da\\\/myndighedsinhabilitet-en-udtalelse-fra-folketingets-ombudsmand\\\/\"]}]},{\"@type\":\"BreadcrumbList\",\"@id\":\"https:\\\/\\\/www.le34.dk\\\/da\\\/myndighedsinhabilitet-en-udtalelse-fra-folketingets-ombudsmand\\\/#breadcrumb\",\"itemListElement\":[{\"@type\":\"ListItem\",\"position\":1,\"name\":\"Home\",\"item\":\"https:\\\/\\\/www.le34.dk\\\/da\\\/\"},{\"@type\":\"ListItem\",\"position\":2,\"name\":\"Myndighedsinhabilitet \u2013 en udtalelse fra Folketingets Ombudsmand\"}]},{\"@type\":\"WebSite\",\"@id\":\"https:\\\/\\\/www.le34.dk\\\/da\\\/#website\",\"url\":\"https:\\\/\\\/www.le34.dk\\\/da\\\/\",\"name\":\"LE34\",\"description\":\"\",\"potentialAction\":[{\"@type\":\"SearchAction\",\"target\":{\"@type\":\"EntryPoint\",\"urlTemplate\":\"https:\\\/\\\/www.le34.dk\\\/da\\\/?s={search_term_string}\"},\"query-input\":{\"@type\":\"PropertyValueSpecification\",\"valueRequired\":true,\"valueName\":\"search_term_string\"}}],\"inLanguage\":\"da-DK\"}]}<\/script>\n<!-- \/ Yoast SEO plugin. -->","yoast_head_json":{"title":"Myndighedsinhabilitet \u2013 en udtalelse fra Folketingets Ombudsmand","robots":{"index":"index","follow":"follow","max-snippet":"max-snippet:-1","max-image-preview":"max-image-preview:large","max-video-preview":"max-video-preview:-1"},"canonical":"https:\/\/www.le34.dk\/da\/myndighedsinhabilitet-en-udtalelse-fra-folketingets-ombudsmand\/","og_locale":"da_DK","og_type":"article","og_title":"Myndighedsinhabilitet \u2013 en udtalelse fra Folketingets Ombudsmand","og_description":"29.11.2023 Folketingets Ombudsmand har for nylig behandlet sp\u00f8rgsm\u00e5let om myndighedsinhabilitet indg\u00e5ende i en sag, hvor en kommune havde dispenseret fra lovgivningens afstandskrav til byzone i forbindelse med ops\u00e6tning af hegn og afgr\u00e6sning ved kv\u00e6g p\u00e5 et areal, der tilh\u00f8rte kommunen. Selvom sagen ikke drejede sig om vejforhold og vejlovgivningen, vil sagen v\u00e6re interessant for vejmyndighederne, [&hellip;]","og_url":"https:\/\/www.le34.dk\/da\/myndighedsinhabilitet-en-udtalelse-fra-folketingets-ombudsmand\/","og_site_name":"LE34","article_modified_time":"2024-01-15T14:59:25+00:00","twitter_card":"summary_large_image","twitter_misc":{"Estimeret l\u00e6setid":"8 minutter"},"schema":{"@context":"https:\/\/schema.org","@graph":[{"@type":"WebPage","@id":"https:\/\/www.le34.dk\/da\/myndighedsinhabilitet-en-udtalelse-fra-folketingets-ombudsmand\/","url":"https:\/\/www.le34.dk\/da\/myndighedsinhabilitet-en-udtalelse-fra-folketingets-ombudsmand\/","name":"Myndighedsinhabilitet \u2013 en udtalelse fra Folketingets Ombudsmand","isPartOf":{"@id":"https:\/\/www.le34.dk\/da\/#website"},"datePublished":"2023-11-20T11:04:14+00:00","dateModified":"2024-01-15T14:59:25+00:00","breadcrumb":{"@id":"https:\/\/www.le34.dk\/da\/myndighedsinhabilitet-en-udtalelse-fra-folketingets-ombudsmand\/#breadcrumb"},"inLanguage":"da-DK","potentialAction":[{"@type":"ReadAction","target":["https:\/\/www.le34.dk\/da\/myndighedsinhabilitet-en-udtalelse-fra-folketingets-ombudsmand\/"]}]},{"@type":"BreadcrumbList","@id":"https:\/\/www.le34.dk\/da\/myndighedsinhabilitet-en-udtalelse-fra-folketingets-ombudsmand\/#breadcrumb","itemListElement":[{"@type":"ListItem","position":1,"name":"Home","item":"https:\/\/www.le34.dk\/da\/"},{"@type":"ListItem","position":2,"name":"Myndighedsinhabilitet \u2013 en udtalelse fra Folketingets Ombudsmand"}]},{"@type":"WebSite","@id":"https:\/\/www.le34.dk\/da\/#website","url":"https:\/\/www.le34.dk\/da\/","name":"LE34","description":"","potentialAction":[{"@type":"SearchAction","target":{"@type":"EntryPoint","urlTemplate":"https:\/\/www.le34.dk\/da\/?s={search_term_string}"},"query-input":{"@type":"PropertyValueSpecification","valueRequired":true,"valueName":"search_term_string"}}],"inLanguage":"da-DK"}]}},"_links":{"self":[{"href":"https:\/\/www.le34.dk\/da\/wp-json\/wp\/v2\/pages\/13285","targetHints":{"allow":["GET"]}}],"collection":[{"href":"https:\/\/www.le34.dk\/da\/wp-json\/wp\/v2\/pages"}],"about":[{"href":"https:\/\/www.le34.dk\/da\/wp-json\/wp\/v2\/types\/page"}],"author":[{"embeddable":true,"href":"https:\/\/www.le34.dk\/da\/wp-json\/wp\/v2\/users\/3"}],"replies":[{"embeddable":true,"href":"https:\/\/www.le34.dk\/da\/wp-json\/wp\/v2\/comments?post=13285"}],"version-history":[{"count":1,"href":"https:\/\/www.le34.dk\/da\/wp-json\/wp\/v2\/pages\/13285\/revisions"}],"predecessor-version":[{"id":13632,"href":"https:\/\/www.le34.dk\/da\/wp-json\/wp\/v2\/pages\/13285\/revisions\/13632"}],"wp:attachment":[{"href":"https:\/\/www.le34.dk\/da\/wp-json\/wp\/v2\/media?parent=13285"}],"curies":[{"name":"wp","href":"https:\/\/api.w.org\/{rel}","templated":true}]}}