{"id":1093,"date":"2019-06-13T09:13:38","date_gmt":"2019-06-13T09:13:38","guid":{"rendered":"https:\/\/www.le34.dk\/jordreformpavej\/"},"modified":"2025-03-27T14:56:39","modified_gmt":"2025-03-27T14:56:39","slug":"jordreformpavej","status":"publish","type":"page","link":"https:\/\/www.le34.dk\/da\/jordreformpavej\/","title":{"rendered":"Derfor har vi behov for mere plads &#8211; jordreform p\u00e5 vej"},"content":{"rendered":"<p>Jordreformen bunder i et stort pres p\u00e5 det \u00e5bne land<br \/>\nDer er rift om at bruge Danmarks areal. Det handler ikke kun om, hvad folk har af forskellige \u00f8nsker og dr\u00f8mme \u2013 det handler ogs\u00e5 om helt konkrete udfordringer, der p\u00e5virker hele samfundet og kr\u00e6ver f\u00e6lles l\u00f8sninger.<\/p>\n<p>Blandt udfordringerne er:<br \/>\nVandet st\u00e5r h\u00f8jt p\u00e5 mange marker og resulterer i et d\u00e5rligt h\u00f8studbytte.<br \/>\nHyppigere skybrud p\u00e5 grund af klimaforandringerne.<br \/>\n\u00d8get behov for at anvende areal til energiproduktion.<br \/>\nPlaner og \u00f8nsker om flere skove og naturomr\u00e5der \u2013 blandt andet for at im\u00f8deg\u00e5 konsekvenserne af klimaforandringer.<\/p>\n<p>Vi har brug for 40% mere plads end vi har<br \/>\nRapporten \u201cPrioritering af Danmarks areal i fremtiden\u201d fra Teknologir\u00e5det s\u00e6tter tal p\u00e5 presset p\u00e5 det \u00e5bne land.<br \/>\nN\u00e5r man tager alle de vedtagne planer, m\u00e5l, forventinger samt \u00f8nsker og behov til, hvad der skal v\u00e6re plads til i Danmark, f\u00e5r vi brug for 40% mere plads. Rapportens konklusion bliver ekstra tydelig, n\u00e5r den bliver opstillet som en figur \u2013 se nedenst\u00e5ende.<\/p>\n<p>Behov for mere skov og flere naturomr\u00e5der<br \/>\nDanmark er p\u00e5 st\u00f8rrelse med den venstre s\u00f8lje, der n\u00e5r op til indeks 100. Men vores behov for plads i den n\u00e6rmeste fremtid er langt st\u00f8rre &#8211; den h\u00f8jre s\u00f8lje str\u00e6kker sig op p\u00e5 indeks 140, men vi har ikke pladsen at g\u00f8re godt med. Derfor skal der t\u00e6nkes kreativt: multifunktionel jordfordeling og jordreform.<\/p>\n<p>Teknologir\u00e5dets rapport Prioritering af Danmarks areal i fremtiden<br \/>\n\u201cHele Danmarks areal er i brug. Men mange flere behov tr\u00e6nger sig p\u00e5. Det skal prioriteres. Vi kan ikke blive ved med at lade som om, landet er st\u00f8rre, end det er.\u201d<\/p>\n<p>Flere detaljer fra Teknologir\u00e5dets rapport<br \/>\nTeknologir\u00e5dets rapport er kulminationen p\u00e5 et yderst omfattende arbejde.<br \/>\nMed st\u00f8tte fra Veluxfonden og i samarbejde med med en r\u00e6kke forskere fra Aalborg Universitet har Teknologir\u00e5det skabt et overblik over de faktuelle arealbehov og afd\u00e6kket, hvilke l\u00f8sninger og v\u00e6rkt\u00f8jer der skal s\u00e6ttes i spil i den n\u00e6rmeste fremtid for at l\u00f8se udfordringen med at f\u00e5 plads til 40% mere, uden at landet vokser.<br \/>\nOvenst\u00e5ende grafik, der illustrerer arealbehovet, bygger desuden p\u00e5 en folkeh\u00f8ring. 250 repr\u00e6sentativt udvalgte borgere har sagt deres mening om, hvad vi b\u00f8r prioritere at bruge landets areal p\u00e5. Folkeh\u00f8ringen viser en stor opbakning (64%) til at l\u00f8se problemerne ved at kombinere flere funktioner p\u00e5 samme areal. En l\u00f8sning, der ligger i tr\u00e5d med tankerne om multifunktionel jordfordeling.\u00a0<\/p>\n<p>L\u00e6s hele Teknologir\u00e5dets rapport<br \/>\nHvad er multifunktionel jordfordeling?<\/p>\n<p>Collective Impact-gruppen &#8220;Fremtidens b\u00e6redygtige landskaber&#8221;<br \/>\n\u201cDer er brug for en ny fordeling af jorden for at opfylde de mangfoldige interesser i det \u00e5bne land: En \u00e6ra med multifunktionel jordfordeling, der p\u00e5 ny kan fremtidssikre anvendelsen af vores arealer.\u201d<\/p>\n<p>Jordreform er kompleks og kr\u00e6ver ny tankegang<br \/>\nRealdania st\u00e5r bag flere Collective Impact-initiativer \u2013 blandt andet gruppen \u201cFremtidens b\u00e6redygtige landskaber\u201d, som gennem de seneste \u00e5r har gennemf\u00f8rt pilotprojekter med multifunktionel jordfordeling samt afpr\u00f8vet selve arbejdsmetoden collective impact. Det er en ny samarbejdsform til at l\u00f8se komplekse samfundproblemer og presset p\u00e5 det \u00e5bne land anses som s\u00e5 komplekst et samfundsproblem, at \u00e9n organisation eller person ikke kan l\u00f8se det alene.<br \/>\nCollective Impact-gruppen \u201cFremtidens b\u00e6redygtige landskaber\u201d beskriver, at samspillet mellem landbruget, samfunds\u00f8konomien og det \u00e5bne land st\u00e5r over for en ny epoke med en lang r\u00e6kke nye hensyn, der skal indarbejdes. Og den grundl\u00e6ggende ejendomstruktur, som blev skabt for over 200 \u00e5r siden i forbindelse med den seneste jordreform, er langt fra optimal. Derfor arbejder Collective Impact med en vision om en jordreform, der b\u00f8r rulle fra 2022.<\/p>\n<p>L\u00e6s pjecen Bedre brug af det \u00e5bne land<br \/>\nLE34&#8217;s landinspekt\u00f8rer har p\u00e5begyndt flere jordfordelingsprojekter<\/p>\n<p>M\u00f8d eksperterne<\/p>\n<p>Gert M. Henningsen<br \/>\nJes Juhl J\u00f8rgensen<br \/>\nJonathan Overgaard Markman<br \/>\nKnud E. Klausen<br \/>\nMorten \u00d8rtved<\/p>\n","protected":false},"excerpt":{"rendered":"<p>Jordreformen bunder i et stort pres p\u00e5 det \u00e5bne land Der er rift om at bruge Danmarks areal. Det handler ikke kun om, hvad folk har af forskellige \u00f8nsker og dr\u00f8mme \u2013 det handler ogs\u00e5 om helt konkrete udfordringer, der p\u00e5virker hele samfundet og kr\u00e6ver f\u00e6lles l\u00f8sninger. Blandt udfordringerne er: Vandet st\u00e5r h\u00f8jt p\u00e5 mange [&hellip;]<\/p>\n","protected":false},"author":41,"featured_media":0,"parent":0,"menu_order":0,"comment_status":"closed","ping_status":"closed","template":"","meta":{"_acf_changed":false,"footnotes":""},"class_list":["post-1093","page","type-page","status-publish","hentry"],"acf":[],"yoast_head":"<!-- This site is optimized with the Yoast SEO plugin v27.5 - https:\/\/yoast.com\/product\/yoast-seo-wordpress\/ -->\n<title>Danmark har brug for plads - Jordreform p\u00e5 vej<\/title>\n<meta name=\"description\" content=\"Behovet for en jordreform med en skarp prioritering af, hvad vi skal bruge vores plads til, er presserende. L\u00e6s mere om jordreformen her\" \/>\n<meta name=\"robots\" content=\"index, follow, max-snippet:-1, max-image-preview:large, max-video-preview:-1\" \/>\n<link rel=\"canonical\" href=\"https:\/\/www.le34.dk\/da\/jordreformpavej\/\" \/>\n<meta property=\"og:locale\" content=\"da_DK\" \/>\n<meta property=\"og:type\" content=\"article\" \/>\n<meta property=\"og:title\" content=\"Danmark har brug for plads - Jordreform p\u00e5 vej\" \/>\n<meta property=\"og:description\" content=\"Behovet for en jordreform med en skarp prioritering af, hvad vi skal bruge vores plads til, er presserende. L\u00e6s mere om jordreformen her\" \/>\n<meta property=\"og:url\" content=\"https:\/\/www.le34.dk\/da\/jordreformpavej\/\" \/>\n<meta property=\"og:site_name\" content=\"LE34\" \/>\n<meta property=\"article:modified_time\" content=\"2025-03-27T14:56:39+00:00\" \/>\n<meta name=\"twitter:card\" content=\"summary_large_image\" \/>\n<meta name=\"twitter:label1\" content=\"Estimeret l\u00e6setid\" \/>\n\t<meta name=\"twitter:data1\" content=\"9 minutter\" \/>\n<script type=\"application\/ld+json\" class=\"yoast-schema-graph\">{\"@context\":\"https:\\\/\\\/schema.org\",\"@graph\":[{\"@type\":\"WebPage\",\"@id\":\"https:\\\/\\\/www.le34.dk\\\/da\\\/jordreformpavej\\\/\",\"url\":\"https:\\\/\\\/www.le34.dk\\\/da\\\/jordreformpavej\\\/\",\"name\":\"Danmark har brug for plads - Jordreform p\u00e5 vej\",\"isPartOf\":{\"@id\":\"https:\\\/\\\/www.le34.dk\\\/da\\\/#website\"},\"datePublished\":\"2019-06-13T09:13:38+00:00\",\"dateModified\":\"2025-03-27T14:56:39+00:00\",\"description\":\"Behovet for en jordreform med en skarp prioritering af, hvad vi skal bruge vores plads til, er presserende. L\u00e6s mere om jordreformen her\",\"breadcrumb\":{\"@id\":\"https:\\\/\\\/www.le34.dk\\\/da\\\/jordreformpavej\\\/#breadcrumb\"},\"inLanguage\":\"da-DK\",\"potentialAction\":[{\"@type\":\"ReadAction\",\"target\":[\"https:\\\/\\\/www.le34.dk\\\/da\\\/jordreformpavej\\\/\"]}]},{\"@type\":\"BreadcrumbList\",\"@id\":\"https:\\\/\\\/www.le34.dk\\\/da\\\/jordreformpavej\\\/#breadcrumb\",\"itemListElement\":[{\"@type\":\"ListItem\",\"position\":1,\"name\":\"Home\",\"item\":\"https:\\\/\\\/www.le34.dk\\\/da\\\/\"},{\"@type\":\"ListItem\",\"position\":2,\"name\":\"Derfor har vi behov for mere plads &#8211; jordreform p\u00e5 vej\"}]},{\"@type\":\"WebSite\",\"@id\":\"https:\\\/\\\/www.le34.dk\\\/da\\\/#website\",\"url\":\"https:\\\/\\\/www.le34.dk\\\/da\\\/\",\"name\":\"LE34\",\"description\":\"\",\"potentialAction\":[{\"@type\":\"SearchAction\",\"target\":{\"@type\":\"EntryPoint\",\"urlTemplate\":\"https:\\\/\\\/www.le34.dk\\\/da\\\/?s={search_term_string}\"},\"query-input\":{\"@type\":\"PropertyValueSpecification\",\"valueRequired\":true,\"valueName\":\"search_term_string\"}}],\"inLanguage\":\"da-DK\"}]}<\/script>\n<!-- \/ Yoast SEO plugin. -->","yoast_head_json":{"title":"Danmark har brug for plads - Jordreform p\u00e5 vej","description":"Behovet for en jordreform med en skarp prioritering af, hvad vi skal bruge vores plads til, er presserende. L\u00e6s mere om jordreformen her","robots":{"index":"index","follow":"follow","max-snippet":"max-snippet:-1","max-image-preview":"max-image-preview:large","max-video-preview":"max-video-preview:-1"},"canonical":"https:\/\/www.le34.dk\/da\/jordreformpavej\/","og_locale":"da_DK","og_type":"article","og_title":"Danmark har brug for plads - Jordreform p\u00e5 vej","og_description":"Behovet for en jordreform med en skarp prioritering af, hvad vi skal bruge vores plads til, er presserende. L\u00e6s mere om jordreformen her","og_url":"https:\/\/www.le34.dk\/da\/jordreformpavej\/","og_site_name":"LE34","article_modified_time":"2025-03-27T14:56:39+00:00","twitter_card":"summary_large_image","twitter_misc":{"Estimeret l\u00e6setid":"9 minutter"},"schema":{"@context":"https:\/\/schema.org","@graph":[{"@type":"WebPage","@id":"https:\/\/www.le34.dk\/da\/jordreformpavej\/","url":"https:\/\/www.le34.dk\/da\/jordreformpavej\/","name":"Danmark har brug for plads - Jordreform p\u00e5 vej","isPartOf":{"@id":"https:\/\/www.le34.dk\/da\/#website"},"datePublished":"2019-06-13T09:13:38+00:00","dateModified":"2025-03-27T14:56:39+00:00","description":"Behovet for en jordreform med en skarp prioritering af, hvad vi skal bruge vores plads til, er presserende. L\u00e6s mere om jordreformen her","breadcrumb":{"@id":"https:\/\/www.le34.dk\/da\/jordreformpavej\/#breadcrumb"},"inLanguage":"da-DK","potentialAction":[{"@type":"ReadAction","target":["https:\/\/www.le34.dk\/da\/jordreformpavej\/"]}]},{"@type":"BreadcrumbList","@id":"https:\/\/www.le34.dk\/da\/jordreformpavej\/#breadcrumb","itemListElement":[{"@type":"ListItem","position":1,"name":"Home","item":"https:\/\/www.le34.dk\/da\/"},{"@type":"ListItem","position":2,"name":"Derfor har vi behov for mere plads &#8211; jordreform p\u00e5 vej"}]},{"@type":"WebSite","@id":"https:\/\/www.le34.dk\/da\/#website","url":"https:\/\/www.le34.dk\/da\/","name":"LE34","description":"","potentialAction":[{"@type":"SearchAction","target":{"@type":"EntryPoint","urlTemplate":"https:\/\/www.le34.dk\/da\/?s={search_term_string}"},"query-input":{"@type":"PropertyValueSpecification","valueRequired":true,"valueName":"search_term_string"}}],"inLanguage":"da-DK"}]}},"_links":{"self":[{"href":"https:\/\/www.le34.dk\/da\/wp-json\/wp\/v2\/pages\/1093","targetHints":{"allow":["GET"]}}],"collection":[{"href":"https:\/\/www.le34.dk\/da\/wp-json\/wp\/v2\/pages"}],"about":[{"href":"https:\/\/www.le34.dk\/da\/wp-json\/wp\/v2\/types\/page"}],"author":[{"embeddable":true,"href":"https:\/\/www.le34.dk\/da\/wp-json\/wp\/v2\/users\/41"}],"replies":[{"embeddable":true,"href":"https:\/\/www.le34.dk\/da\/wp-json\/wp\/v2\/comments?post=1093"}],"version-history":[{"count":3,"href":"https:\/\/www.le34.dk\/da\/wp-json\/wp\/v2\/pages\/1093\/revisions"}],"predecessor-version":[{"id":18067,"href":"https:\/\/www.le34.dk\/da\/wp-json\/wp\/v2\/pages\/1093\/revisions\/18067"}],"wp:attachment":[{"href":"https:\/\/www.le34.dk\/da\/wp-json\/wp\/v2\/media?parent=1093"}],"curies":[{"name":"wp","href":"https:\/\/api.w.org\/{rel}","templated":true}]}}